{"id":4412,"date":"2020-07-04T18:04:38","date_gmt":"2020-07-04T21:04:38","guid":{"rendered":"https:\/\/www.padreeustaquio.com.br\/?page_id=4412"},"modified":"2023-02-17T15:55:27","modified_gmt":"2023-02-17T18:55:27","slug":"donar","status":"publish","type":"page","link":"https:\/\/www.padreeustaquio.com.br\/es\/donar\/","title":{"rendered":"Haz tu donaci\u00f3n y ay\u00fadanos a mantener nuestro trabajo y transmisiones."},"content":{"rendered":"<p><strong>\u00danete a la gran familia de \u201cAmigos del Padre Eust\u00e1quio\u201d. <\/strong><\/p>\n<p style=\"text-align: left;\">Difundir la vida e historia del Padre Eust\u00e1quio para que m\u00e1s personas conozcan su vida ejemplar es una funci\u00f3n fundamental de la Vicepostulaci\u00f3n de la Causa de Canonizaci\u00f3n. Adem\u00e1s de invertir en esta difusi\u00f3n, el Secretariado Nacional tambi\u00e9n es responsable del proceso de canonizaci\u00f3n ante la Santa Sede. Todas estas actividades, junto con las de la Acci\u00f3n Social Padre Eust\u00e1quio, que contin\u00faa las obras iniciadas y concebidas por el Beato, forman parte de este esfuerzo. <em>(como la guarder\u00eda que lleva el nombre del Bendito y que actualmente atiende a 260 ni\u00f1os)<\/em> Estos proyectos son financiados por nosotros, gracias a la colaboraci\u00f3n y ayuda de toda la comunidad.<\/p>\n<p>Usted tambi\u00e9n puede colaborar en estos esfuerzos y ayudarnos a mantener la difusi\u00f3n de nuestras celebraciones en Internet. Haga su donaci\u00f3n mediante dep\u00f3sito o transferencia bancaria:<\/p>\n<p style=\"text-align: center;\"><img decoding=\"async\" class=\"alignnone\" src=\"https:\/\/atendimentodigital.caixa.gov.br\/voce\/assets\/images\/logo-caixa.png\" alt=\"Apoyar la vicepostulaci\u00f3n con un dep\u00f3sito o transferencia a la Caixa (banco).\" width=\"131\" height=\"33\" \/><\/p>\n<p style=\"text-align: center;\">Padre Eust\u00e1quio Acci\u00f3n Social<br \/>\nCNPJ: 17.193.756\/0001-05<br \/>\nAgencia: <strong>0089<\/strong><br \/>\nTipo de cuenta:<strong>\u00a01388<\/strong><br \/>\nCuenta de ahorros:\u00a0<strong>000738971768-9<\/strong><\/p>\n<p style=\"text-align: center;\"><img decoding=\"async\" class=\"aligncenter\" src=\"https:\/\/www.shipay.com.br\/wp-content\/uploads\/2020\/09\/pix-logo-1.png\" alt=\"Ayude al candidato a vicepresidente con una transferencia de Pix.\" width=\"127\" height=\"45\" \/><span style=\"font-size: 1.21429rem;\">Si lo prefiere, haga un PIX con la llave:\u00a0<strong>contato@padreeustaquio.com.br<\/strong><\/span><\/p>\n<p>\u00a1O ponga su contribuci\u00f3n en las arcas del Memorial Padre Eust\u00e1quio en Belo Horizonte! \u00a1Usted y su familia estar\u00e1n siempre en nuestras oraciones!<\/p>\n<p style=\"text-align: left;\">\u00a1Salud y Paz!<\/p>","protected":false},"excerpt":{"rendered":"<p>Entre para a grande fam\u00edlia dos \u201cAmigos do Padre Eust\u00e1quio\u201d. Divulgar a vida e a hist\u00f3ria de Padre Eust\u00e1quio para que mais pessoas conhe\u00e7am este exemplo de vida \u00e9 papel fundamental da Vice-Postula\u00e7\u00e3o da Causa de Canoniza\u00e7\u00e3o. Al\u00e9m de investir nesta divulga\u00e7\u00e3o, o Secretariado Nacional tamb\u00e9m \u00e9 respons\u00e1vel pelo processo de canoniza\u00e7\u00e3o junto \u00e0 Santa S\u00e9. Todas estas atividades e as da A\u00e7\u00e3o Social Padre Eust\u00e1quio, que continua as obras iniciadas e idealizadas pelo Beato (como a Creche que leva o nome do Bem-Aventurado e atende atualmente a 260 crian\u00e7as) s\u00e3o custeadas por n\u00f3s, por meio da colabora\u00e7\u00e3o e ajuda [&hellip;]<\/p>\n","protected":false},"author":2,"featured_media":0,"parent":0,"menu_order":0,"comment_status":"closed","ping_status":"closed","template":"","meta":{"_acf_changed":false,"footnotes":""},"class_list":["post-4412","page","type-page","status-publish","hentry"],"acf":[],"yoast_head":"<!-- This site is optimized with the Yoast SEO plugin v27.2 - https:\/\/yoast.com\/product\/yoast-seo-wordpress\/ -->\n<title>Fa\u00e7a sua doa\u00e7\u00e3o e ajude-nos a manter as obras e as transmiss\u00f5es - Padre Eust\u00e1quio<\/title>\n<meta name=\"robots\" content=\"index, follow, max-snippet:-1, max-image-preview:large, max-video-preview:-1\" \/>\n<link rel=\"canonical\" href=\"https:\/\/www.padreeustaquio.com.br\/es\/donar\/\" \/>\n<meta property=\"og:locale\" content=\"es_ES\" \/>\n<meta property=\"og:type\" content=\"article\" \/>\n<meta property=\"og:title\" content=\"Fa\u00e7a sua doa\u00e7\u00e3o e ajude-nos a manter as obras e as transmiss\u00f5es - Padre Eust\u00e1quio\" \/>\n<meta property=\"og:description\" content=\"Entre para a grande fam\u00edlia dos \u201cAmigos do Padre Eust\u00e1quio\u201d. Divulgar a vida e a hist\u00f3ria de Padre Eust\u00e1quio para que mais pessoas conhe\u00e7am este exemplo de vida \u00e9 papel fundamental da Vice-Postula\u00e7\u00e3o da Causa de Canoniza\u00e7\u00e3o. Al\u00e9m de investir nesta divulga\u00e7\u00e3o, o Secretariado Nacional tamb\u00e9m \u00e9 respons\u00e1vel pelo processo de canoniza\u00e7\u00e3o junto \u00e0 Santa S\u00e9. Todas estas atividades e as da A\u00e7\u00e3o Social Padre Eust\u00e1quio, que continua as obras iniciadas e idealizadas pelo Beato (como a Creche que leva o nome do Bem-Aventurado e atende atualmente a 260 crian\u00e7as) s\u00e3o custeadas por n\u00f3s, por meio da colabora\u00e7\u00e3o e ajuda [&hellip;]\" \/>\n<meta property=\"og:url\" content=\"https:\/\/www.padreeustaquio.com.br\/es\/donar\/\" \/>\n<meta property=\"og:site_name\" content=\"Padre Eust\u00e1quio\" \/>\n<meta property=\"article:publisher\" content=\"https:\/\/www.facebook.com\/beatopadreeustaquio\/\" \/>\n<meta property=\"article:modified_time\" content=\"2023-02-17T18:55:27+00:00\" \/>\n<meta property=\"og:image\" content=\"https:\/\/atendimentodigital.caixa.gov.br\/voce\/assets\/images\/logo-caixa.png\" \/>\n<meta name=\"twitter:card\" content=\"summary_large_image\" \/>\n<meta name=\"twitter:site\" content=\"@beatopeustaquio\" \/>\n<meta name=\"twitter:label1\" content=\"Tiempo de lectura\" \/>\n\t<meta name=\"twitter:data1\" content=\"2 minutos\" \/>\n<script type=\"application\/ld+json\" class=\"yoast-schema-graph\">{\"@context\":\"https:\/\/schema.org\",\"@graph\":[{\"@type\":\"WebPage\",\"@id\":\"https:\/\/www.padreeustaquio.com.br\/doar\/\",\"url\":\"https:\/\/www.padreeustaquio.com.br\/doar\/\",\"name\":\"Fa\u00e7a sua doa\u00e7\u00e3o e ajude-nos a manter as obras e as transmiss\u00f5es - Padre Eust\u00e1quio\",\"isPartOf\":{\"@id\":\"https:\/\/www.padreeustaquio.com.br\/#website\"},\"primaryImageOfPage\":{\"@id\":\"https:\/\/www.padreeustaquio.com.br\/doar\/#primaryimage\"},\"image\":{\"@id\":\"https:\/\/www.padreeustaquio.com.br\/doar\/#primaryimage\"},\"thumbnailUrl\":\"https:\/\/atendimentodigital.caixa.gov.br\/voce\/assets\/images\/logo-caixa.png\",\"datePublished\":\"2020-07-04T21:04:38+00:00\",\"dateModified\":\"2023-02-17T18:55:27+00:00\",\"breadcrumb\":{\"@id\":\"https:\/\/www.padreeustaquio.com.br\/doar\/#breadcrumb\"},\"inLanguage\":\"es\",\"potentialAction\":[{\"@type\":\"ReadAction\",\"target\":[\"https:\/\/www.padreeustaquio.com.br\/doar\/\"]}]},{\"@type\":\"ImageObject\",\"inLanguage\":\"es\",\"@id\":\"https:\/\/www.padreeustaquio.com.br\/doar\/#primaryimage\",\"url\":\"https:\/\/atendimentodigital.caixa.gov.br\/voce\/assets\/images\/logo-caixa.png\",\"contentUrl\":\"https:\/\/atendimentodigital.caixa.gov.br\/voce\/assets\/images\/logo-caixa.png\"},{\"@type\":\"BreadcrumbList\",\"@id\":\"https:\/\/www.padreeustaquio.com.br\/doar\/#breadcrumb\",\"itemListElement\":[{\"@type\":\"ListItem\",\"position\":1,\"name\":\"In\u00edcio\",\"item\":\"https:\/\/www.padreeustaquio.com.br\/\"},{\"@type\":\"ListItem\",\"position\":2,\"name\":\"Fa\u00e7a sua doa\u00e7\u00e3o e ajude-nos a manter as obras e as transmiss\u00f5es\"}]},{\"@type\":\"WebSite\",\"@id\":\"https:\/\/www.padreeustaquio.com.br\/#website\",\"url\":\"https:\/\/www.padreeustaquio.com.br\/\",\"name\":\"Padre Eust\u00e1quio\",\"description\":\"Sa\u00fade e Paz\",\"publisher\":{\"@id\":\"https:\/\/www.padreeustaquio.com.br\/#organization\"},\"potentialAction\":[{\"@type\":\"SearchAction\",\"target\":{\"@type\":\"EntryPoint\",\"urlTemplate\":\"https:\/\/www.padreeustaquio.com.br\/?s={search_term_string}\"},\"query-input\":{\"@type\":\"PropertyValueSpecification\",\"valueRequired\":true,\"valueName\":\"search_term_string\"}}],\"inLanguage\":\"es\"},{\"@type\":\"Organization\",\"@id\":\"https:\/\/www.padreeustaquio.com.br\/#organization\",\"name\":\"Padre Eust\u00e1quio\",\"url\":\"https:\/\/www.padreeustaquio.com.br\/\",\"logo\":{\"@type\":\"ImageObject\",\"inLanguage\":\"es\",\"@id\":\"https:\/\/www.padreeustaquio.com.br\/#\/schema\/logo\/image\/\",\"url\":\"https:\/\/www.padreeustaquio.com.br\/wp-content\/uploads\/2019\/08\/marca.png\",\"contentUrl\":\"https:\/\/www.padreeustaquio.com.br\/wp-content\/uploads\/2019\/08\/marca.png\",\"width\":350,\"height\":400,\"caption\":\"Padre Eust\u00e1quio\"},\"image\":{\"@id\":\"https:\/\/www.padreeustaquio.com.br\/#\/schema\/logo\/image\/\"},\"sameAs\":[\"https:\/\/www.facebook.com\/beatopadreeustaquio\/\",\"https:\/\/x.com\/beatopeustaquio\",\"https:\/\/www.instagram.com\/beatopadreeustaquio\/\",\"https:\/\/www.youtube.com\/channel\/UCRhw7vfabnajwLxb1ZXMeIw\"]}]}<\/script>\n<!-- \/ Yoast SEO plugin. -->","yoast_head_json":{"title":"Haz tu donaci\u00f3n y ay\u00fadanos a mantener las obras y transmisiones - Padre Eust\u00e1quio","robots":{"index":"index","follow":"follow","max-snippet":"max-snippet:-1","max-image-preview":"max-image-preview:large","max-video-preview":"max-video-preview:-1"},"canonical":"https:\/\/www.padreeustaquio.com.br\/es\/donar\/","og_locale":"es_ES","og_type":"article","og_title":"Fa\u00e7a sua doa\u00e7\u00e3o e ajude-nos a manter as obras e as transmiss\u00f5es - Padre Eust\u00e1quio","og_description":"Entre para a grande fam\u00edlia dos \u201cAmigos do Padre Eust\u00e1quio\u201d. Divulgar a vida e a hist\u00f3ria de Padre Eust\u00e1quio para que mais pessoas conhe\u00e7am este exemplo de vida \u00e9 papel fundamental da Vice-Postula\u00e7\u00e3o da Causa de Canoniza\u00e7\u00e3o. Al\u00e9m de investir nesta divulga\u00e7\u00e3o, o Secretariado Nacional tamb\u00e9m \u00e9 respons\u00e1vel pelo processo de canoniza\u00e7\u00e3o junto \u00e0 Santa S\u00e9. Todas estas atividades e as da A\u00e7\u00e3o Social Padre Eust\u00e1quio, que continua as obras iniciadas e idealizadas pelo Beato (como a Creche que leva o nome do Bem-Aventurado e atende atualmente a 260 crian\u00e7as) s\u00e3o custeadas por n\u00f3s, por meio da colabora\u00e7\u00e3o e ajuda [&hellip;]","og_url":"https:\/\/www.padreeustaquio.com.br\/es\/donar\/","og_site_name":"Padre Eust\u00e1quio","article_publisher":"https:\/\/www.facebook.com\/beatopadreeustaquio\/","article_modified_time":"2023-02-17T18:55:27+00:00","og_image":[{"url":"https:\/\/atendimentodigital.caixa.gov.br\/voce\/assets\/images\/logo-caixa.png","type":"","width":"","height":""}],"twitter_card":"summary_large_image","twitter_site":"@beatopeustaquio","twitter_misc":{"Tiempo de lectura":"2 minutos"},"schema":{"@context":"https:\/\/schema.org","@graph":[{"@type":"WebPage","@id":"https:\/\/www.padreeustaquio.com.br\/doar\/","url":"https:\/\/www.padreeustaquio.com.br\/doar\/","name":"Haz tu donaci\u00f3n y ay\u00fadanos a mantener las obras y transmisiones - Padre Eust\u00e1quio","isPartOf":{"@id":"https:\/\/www.padreeustaquio.com.br\/#website"},"primaryImageOfPage":{"@id":"https:\/\/www.padreeustaquio.com.br\/doar\/#primaryimage"},"image":{"@id":"https:\/\/www.padreeustaquio.com.br\/doar\/#primaryimage"},"thumbnailUrl":"https:\/\/atendimentodigital.caixa.gov.br\/voce\/assets\/images\/logo-caixa.png","datePublished":"2020-07-04T21:04:38+00:00","dateModified":"2023-02-17T18:55:27+00:00","breadcrumb":{"@id":"https:\/\/www.padreeustaquio.com.br\/doar\/#breadcrumb"},"inLanguage":"es","potentialAction":[{"@type":"ReadAction","target":["https:\/\/www.padreeustaquio.com.br\/doar\/"]}]},{"@type":"ImageObject","inLanguage":"es","@id":"https:\/\/www.padreeustaquio.com.br\/doar\/#primaryimage","url":"https:\/\/atendimentodigital.caixa.gov.br\/voce\/assets\/images\/logo-caixa.png","contentUrl":"https:\/\/atendimentodigital.caixa.gov.br\/voce\/assets\/images\/logo-caixa.png"},{"@type":"BreadcrumbList","@id":"https:\/\/www.padreeustaquio.com.br\/doar\/#breadcrumb","itemListElement":[{"@type":"ListItem","position":1,"name":"In\u00edcio","item":"https:\/\/www.padreeustaquio.com.br\/"},{"@type":"ListItem","position":2,"name":"Fa\u00e7a sua doa\u00e7\u00e3o e ajude-nos a manter as obras e as transmiss\u00f5es"}]},{"@type":"WebSite","@id":"https:\/\/www.padreeustaquio.com.br\/#website","url":"https:\/\/www.padreeustaquio.com.br\/","name":"Padre Eustace","description":"Salud y Paz","publisher":{"@id":"https:\/\/www.padreeustaquio.com.br\/#organization"},"potentialAction":[{"@type":"SearchAction","target":{"@type":"EntryPoint","urlTemplate":"https:\/\/www.padreeustaquio.com.br\/?s={search_term_string}"},"query-input":{"@type":"PropertyValueSpecification","valueRequired":true,"valueName":"search_term_string"}}],"inLanguage":"es"},{"@type":"Organization","@id":"https:\/\/www.padreeustaquio.com.br\/#organization","name":"Padre Eustace","url":"https:\/\/www.padreeustaquio.com.br\/","logo":{"@type":"ImageObject","inLanguage":"es","@id":"https:\/\/www.padreeustaquio.com.br\/#\/schema\/logo\/image\/","url":"https:\/\/www.padreeustaquio.com.br\/wp-content\/uploads\/2019\/08\/marca.png","contentUrl":"https:\/\/www.padreeustaquio.com.br\/wp-content\/uploads\/2019\/08\/marca.png","width":350,"height":400,"caption":"Padre Eust\u00e1quio"},"image":{"@id":"https:\/\/www.padreeustaquio.com.br\/#\/schema\/logo\/image\/"},"sameAs":["https:\/\/www.facebook.com\/beatopadreeustaquio\/","https:\/\/x.com\/beatopeustaquio","https:\/\/www.instagram.com\/beatopadreeustaquio\/","https:\/\/www.youtube.com\/channel\/UCRhw7vfabnajwLxb1ZXMeIw"]}]}},"_links":{"self":[{"href":"https:\/\/www.padreeustaquio.com.br\/es\/wp-json\/wp\/v2\/pages\/4412","targetHints":{"allow":["GET"]}}],"collection":[{"href":"https:\/\/www.padreeustaquio.com.br\/es\/wp-json\/wp\/v2\/pages"}],"about":[{"href":"https:\/\/www.padreeustaquio.com.br\/es\/wp-json\/wp\/v2\/types\/page"}],"author":[{"embeddable":true,"href":"https:\/\/www.padreeustaquio.com.br\/es\/wp-json\/wp\/v2\/users\/2"}],"replies":[{"embeddable":true,"href":"https:\/\/www.padreeustaquio.com.br\/es\/wp-json\/wp\/v2\/comments?post=4412"}],"version-history":[{"count":0,"href":"https:\/\/www.padreeustaquio.com.br\/es\/wp-json\/wp\/v2\/pages\/4412\/revisions"}],"wp:attachment":[{"href":"https:\/\/www.padreeustaquio.com.br\/es\/wp-json\/wp\/v2\/media?parent=4412"}],"curies":[{"name":"wp","href":"https:\/\/api.w.org\/{rel}","templated":true}]}}