{"id":11992,"date":"2025-09-08T14:53:36","date_gmt":"2025-09-08T17:53:36","guid":{"rendered":"https:\/\/www.padreeustaquio.com.br\/?page_id=11992"},"modified":"2025-11-14T08:55:11","modified_gmt":"2025-11-14T11:55:11","slug":"noticias","status":"publish","type":"page","link":"https:\/\/www.padreeustaquio.com.br\/es\/noticias\/","title":{"rendered":"noticias"},"content":{"rendered":"<div data-elementor-type=\"wp-page\" data-elementor-id=\"11992\" class=\"elementor elementor-11992\" data-elementor-post-type=\"page\">\n\t\t\t\t<div class=\"elementor-element elementor-element-2cb3be9 e-flex e-con-boxed e-con e-parent\" data-id=\"2cb3be9\" data-element_type=\"container\" data-e-type=\"container\">\n\t\t\t\t\t<div class=\"e-con-inner\">\n\t\t\t\t<div class=\"elementor-element elementor-element-a644f33 elementor-widget elementor-widget-search\" data-id=\"a644f33\" data-element_type=\"widget\" data-e-type=\"widget\" data-settings=\"{&quot;submit_trigger&quot;:&quot;both&quot;,&quot;live_results&quot;:&quot;yes&quot;,&quot;pagination_type_options&quot;:&quot;none&quot;,&quot;results_is_dropdown_width&quot;:&quot;search_field&quot;}\" data-widget_type=\"search.default\">\n\t\t\t\t\t\t\t<search class=\"e-search hidden\" role=\"search\">\n\t\t\t<form class=\"e-search-form\" action=\"https:\/\/www.padreeustaquio.com.br\/es\/\" method=\"get\" data-trp-original-action=\"https:\/\/www.padreeustaquio.com.br\/es\">\n\n\t\t\t\t\n\t\t\t\t<label class=\"e-search-label\" for=\"search-a644f33\">\n\t\t\t\t\t<span class=\"elementor-screen-only\">\n\t\t\t\t\t\tBuscar\t\t\t\t\t<\/span>\n\t\t\t\t\t\t\t\t\t<\/label>\n\n\t\t\t\t<div class=\"e-search-input-wrapper\">\n\t\t\t\t\t<input id=\"search-a644f33\" placeholder=\"Escriba para iniciar la b\u00fasqueda...\" class=\"e-search-input\" type=\"search\" name=\"s\" value=\"\" autocomplete=\"off\" role=\"combobox\" aria-autocomplete=\"list\" aria-expanded=\"false\" aria-controls=\"results-a644f33\" aria-haspopup=\"listbox\">\n\t\t\t\t\t<svg aria-hidden=\"true\" class=\"e-font-icon-svg e-fas-search\" viewbox=\"0 0 512 512\" xmlns=\"http:\/\/www.w3.org\/2000\/svg\"><path d=\"M505 442.7L405.3 343c-4.5-4.5-10.6-7-17-7H372c27.6-35.3 44-79.7 44-128C416 93.1 322.9 0 208 0S0 93.1 0 208s93.1 208 208 208c48.3 0 92.7-16.4 128-44v16.3c0 6.4 2.5 12.5 7 17l99.7 99.7c9.4 9.4 24.6 9.4 33.9 0l28.3-28.3c9.4-9.4 9.4-24.6.1-34zM208 336c-70.7 0-128-57.2-128-128 0-70.7 57.2-128 128-128 70.7 0 128 57.2 128 128 0 70.7-57.2 128-128 128z\"><\/path><\/svg>\t\t\t\t\t\t\t\t\t\t<output id=\"results-a644f33\" class=\"e-search-results-container hide-loader\" aria-live=\"polite\" aria-atomic=\"true\" aria-label=\"Resultados de b\u00fasqueda\" tabindex=\"0\">\n\t\t\t\t\t\t<div class=\"e-search-results\"><\/div>\n\t\t\t\t\t\t\t\t\t\t\t<\/output>\n\t\t\t\t\t\t\t\t\t<\/div>\n\t\t\t\t\n\t\t\t\t\n\t\t\t\t<button class=\"e-search-submit\" type=\"submit\">\n\t\t\t\t\t<svg aria-hidden=\"true\" class=\"e-font-icon-svg e-fas-search\" viewbox=\"0 0 512 512\" xmlns=\"http:\/\/www.w3.org\/2000\/svg\"><path d=\"M505 442.7L405.3 343c-4.5-4.5-10.6-7-17-7H372c27.6-35.3 44-79.7 44-128C416 93.1 322.9 0 208 0S0 93.1 0 208s93.1 208 208 208c48.3 0 92.7-16.4 128-44v16.3c0 6.4 2.5 12.5 7 17l99.7 99.7c9.4 9.4 24.6 9.4 33.9 0l28.3-28.3c9.4-9.4 9.4-24.6.1-34zM208 336c-70.7 0-128-57.2-128-128 0-70.7 57.2-128 128-128 70.7 0 128 57.2 128 128 0 70.7-57.2 128-128 128z\"><\/path><\/svg>\n\t\t\t\t\t\t\t\t\t\t<span class=\"\">\n\t\t\t\t\t\tPara buscar\t\t\t\t\t<\/span>\n\t\t\t\t\t\t\t\t\t<\/button>\n\t\t\t\t<input type=\"hidden\" name=\"e_search_props\" value=\"a644f33-11992\">\n\t\t\t<input type=\"hidden\" name=\"trp-form-language\" value=\"es\"\/><\/form>\n\t\t<\/search>\n\t\t\t\t\t\t<\/div>\n\t\t\t\t\t<\/div>\n\t\t\t\t<\/div>\n\t\t<div class=\"elementor-element elementor-element-68a90e6b e-flex e-con-boxed e-con e-parent\" data-id=\"68a90e6b\" data-element_type=\"container\" data-e-type=\"container\">\n\t\t\t\t\t<div class=\"e-con-inner\">\n\t\t\t\t<div class=\"elementor-element elementor-element-b51fde2 elementor-grid-3 elementor-grid-tablet-2 elementor-grid-mobile-1 elementor-posts--thumbnail-top elementor-card-shadow-yes elementor-posts__hover-gradient load-more-align-center elementor-widget elementor-widget-posts\" data-id=\"b51fde2\" data-element_type=\"widget\" data-e-type=\"widget\" data-settings=\"{&quot;pagination_type&quot;:&quot;load_more_on_click&quot;,&quot;cards_columns&quot;:&quot;3&quot;,&quot;cards_columns_tablet&quot;:&quot;2&quot;,&quot;cards_columns_mobile&quot;:&quot;1&quot;,&quot;cards_row_gap&quot;:{&quot;unit&quot;:&quot;px&quot;,&quot;size&quot;:35,&quot;sizes&quot;:[]},&quot;cards_row_gap_tablet&quot;:{&quot;unit&quot;:&quot;px&quot;,&quot;size&quot;:&quot;&quot;,&quot;sizes&quot;:[]},&quot;cards_row_gap_mobile&quot;:{&quot;unit&quot;:&quot;px&quot;,&quot;size&quot;:&quot;&quot;,&quot;sizes&quot;:[]},&quot;load_more_spinner&quot;:{&quot;value&quot;:&quot;fas fa-spinner&quot;,&quot;library&quot;:&quot;fa-solid&quot;}}\" data-widget_type=\"posts.cards\">\n\t\t\t\t<div class=\"elementor-widget-container\">\n\t\t\t\t\t\t\t<div class=\"elementor-posts-container elementor-posts elementor-posts--skin-cards elementor-grid\" role=\"list\">\n\t\t\t\t<article class=\"elementor-post elementor-grid-item post-14108 post type-post status-publish format-standard has-post-thumbnail hentry category-noticias\" role=\"listitem\">\n\t\t\t<div class=\"elementor-post__card\">\n\t\t\t\t<a class=\"elementor-post__thumbnail__link\" href=\"https:\/\/www.padreeustaquio.com.br\/es\/a-festa-do-beato-padre-eustaquio-chegou-muito-mais-longe-este-ano\/\" tabindex=\"-1\" ><div class=\"elementor-post__thumbnail\"><img fetchpriority=\"high\" decoding=\"async\" width=\"1024\" height=\"783\" src=\"https:\/\/www.padreeustaquio.com.br\/wp-content\/uploads\/2026\/08\/WhatsApp-Image-2026-08-31-at-17.44.36-1024x783.jpeg\" class=\"attachment-large size-large wp-image-14109\" alt=\"\" srcset=\"https:\/\/www.padreeustaquio.com.br\/wp-content\/uploads\/2026\/08\/WhatsApp-Image-2026-08-31-at-17.44.36-1024x783.jpeg 1024w, https:\/\/www.padreeustaquio.com.br\/wp-content\/uploads\/2026\/08\/WhatsApp-Image-2026-08-31-at-17.44.36-300x229.jpeg 300w, https:\/\/www.padreeustaquio.com.br\/wp-content\/uploads\/2026\/08\/WhatsApp-Image-2026-08-31-at-17.44.36-768x587.jpeg 768w, https:\/\/www.padreeustaquio.com.br\/wp-content\/uploads\/2026\/08\/WhatsApp-Image-2026-08-31-at-17.44.36-1536x1174.jpeg 1536w, https:\/\/www.padreeustaquio.com.br\/wp-content\/uploads\/2026\/08\/WhatsApp-Image-2026-08-31-at-17.44.36-16x12.jpeg 16w, https:\/\/www.padreeustaquio.com.br\/wp-content\/uploads\/2026\/08\/WhatsApp-Image-2026-08-31-at-17.44.36.jpeg 1600w\" sizes=\"(max-width: 1024px) 100vw, 1024px\" \/><\/div><\/a>\n\t\t\t\t<div class=\"elementor-post__badge\">Noticias<\/div>\n\t\t\t\t<div class=\"elementor-post__text\">\n\t\t\t\t<h3 class=\"elementor-post__title\">\n\t\t\t<a href=\"https:\/\/www.padreeustaquio.com.br\/es\/a-festa-do-beato-padre-eustaquio-chegou-muito-mais-longe-este-ano\/\" >\n\t\t\t\tA Festa do Beato Padre Eust\u00e1quio chegou muito mais longe este ano!\t\t\t<\/a>\n\t\t<\/h3>\n\t\t\t\t<div class=\"elementor-post__excerpt\">\n\t\t\t<p>Quem n\u00e3o p\u00f4de estar presencialmente em Belo Horizonte tamb\u00e9m viveu a Festa do Beato Padre Eust\u00e1quio de um jeito especial, acompanhando a programa\u00e7\u00e3o pela internet, pelo Canal Padre Eust\u00e1quio, canal oficial da Causa de Canoniza\u00e7\u00e3o do Beato no YouTube. Desde as 7h, as celebra\u00e7\u00f5es do dia 30 de agosto foram transmitidas, levando para todo o Brasil e para o mundo, as missas, a prociss\u00e3o, os momentos de ora\u00e7\u00e3o e toda a atmosfera dessa grande festa de f\u00e9. E uma das novidades deste ano foi o est\u00fadio de vidro instalado dentro do espa\u00e7o da festa. Nos intervalos das celebra\u00e7\u00f5es, o est\u00fadio<\/p>\n\t\t<\/div>\n\t\t\t\t\t<div class=\"elementor-post__read-more-wrapper\">\n\t\t\n\t\t<a class=\"elementor-post__read-more\" href=\"https:\/\/www.padreeustaquio.com.br\/es\/a-festa-do-beato-padre-eustaquio-chegou-muito-mais-longe-este-ano\/\" aria-label=\"M\u00e1s informaci\u00f3n sobre A Festa do Beato Padre Eust\u00e1quio chegou muito mais longe este ano!\" tabindex=\"-1\" >\n\t\t\tLeer m\u00e1s &gt;&gt;\t\t<\/a>\n\n\t\t\t\t\t<\/div>\n\t\t\t\t<\/div>\n\t\t\t\t<div class=\"elementor-post__meta-data\">\n\t\t\t\t\t<span class=\"elementor-post-date\">\n\t\t\t1 de septiembre de 2026\t\t<\/span>\n\t\t\t\t<\/div>\n\t\t\t\t\t<\/div>\n\t\t<\/article>\n\t\t\t\t<article class=\"elementor-post elementor-grid-item post-14102 post type-post status-publish format-standard has-post-thumbnail hentry category-noticias\" role=\"listitem\">\n\t\t\t<div class=\"elementor-post__card\">\n\t\t\t\t<a class=\"elementor-post__thumbnail__link\" href=\"https:\/\/www.padreeustaquio.com.br\/es\/uma-festa-que-ultrapassou-fronteiras-e-reuniu-coracoes-na-fe\/\" tabindex=\"-1\" ><div class=\"elementor-post__thumbnail\"><img decoding=\"async\" width=\"1024\" height=\"576\" src=\"https:\/\/www.padreeustaquio.com.br\/wp-content\/uploads\/2026\/08\/WhatsApp-Image-2026-08-31-at-16.44.58-1024x576.jpeg\" class=\"attachment-large size-large wp-image-14103\" alt=\"\" srcset=\"https:\/\/www.padreeustaquio.com.br\/wp-content\/uploads\/2026\/08\/WhatsApp-Image-2026-08-31-at-16.44.58-1024x576.jpeg 1024w, https:\/\/www.padreeustaquio.com.br\/wp-content\/uploads\/2026\/08\/WhatsApp-Image-2026-08-31-at-16.44.58-300x169.jpeg 300w, https:\/\/www.padreeustaquio.com.br\/wp-content\/uploads\/2026\/08\/WhatsApp-Image-2026-08-31-at-16.44.58-768x432.jpeg 768w, https:\/\/www.padreeustaquio.com.br\/wp-content\/uploads\/2026\/08\/WhatsApp-Image-2026-08-31-at-16.44.58-1536x864.jpeg 1536w, https:\/\/www.padreeustaquio.com.br\/wp-content\/uploads\/2026\/08\/WhatsApp-Image-2026-08-31-at-16.44.58-18x10.jpeg 18w, https:\/\/www.padreeustaquio.com.br\/wp-content\/uploads\/2026\/08\/WhatsApp-Image-2026-08-31-at-16.44.58-400x225.jpeg 400w, https:\/\/www.padreeustaquio.com.br\/wp-content\/uploads\/2026\/08\/WhatsApp-Image-2026-08-31-at-16.44.58-600x338.jpeg 600w, https:\/\/www.padreeustaquio.com.br\/wp-content\/uploads\/2026\/08\/WhatsApp-Image-2026-08-31-at-16.44.58-800x450.jpeg 800w, https:\/\/www.padreeustaquio.com.br\/wp-content\/uploads\/2026\/08\/WhatsApp-Image-2026-08-31-at-16.44.58-1200x675.jpeg 1200w, https:\/\/www.padreeustaquio.com.br\/wp-content\/uploads\/2026\/08\/WhatsApp-Image-2026-08-31-at-16.44.58.jpeg 1600w\" sizes=\"(max-width: 1024px) 100vw, 1024px\" \/><\/div><\/a>\n\t\t\t\t<div class=\"elementor-post__badge\">Noticias<\/div>\n\t\t\t\t<div class=\"elementor-post__text\">\n\t\t\t\t<h3 class=\"elementor-post__title\">\n\t\t\t<a href=\"https:\/\/www.padreeustaquio.com.br\/es\/uma-festa-que-ultrapassou-fronteiras-e-reuniu-coracoes-na-fe\/\" >\n\t\t\t\tUma festa que ultrapassou fronteiras e reuniu cora\u00e7\u00f5es na f\u00e9\t\t\t<\/a>\n\t\t<\/h3>\n\t\t\t\t<div class=\"elementor-post__excerpt\">\n\t\t\t<p>Em Belo Horizonte, o dia 30 de agosto foi marcado por muita ora\u00e7\u00e3o, celebra\u00e7\u00e3o e devo\u00e7\u00e3o ao nosso querido Beato Padre Eust\u00e1quio. O Santu\u00e1rio da Sa\u00fade e da Paz recebeu milhares de fi\u00e9is ao longo do dia, em uma programa\u00e7\u00e3o com missas, momentos de ora\u00e7\u00e3o e a tradicional prociss\u00e3o pelas ruas, reunindo pessoas que vieram agradecer, pedir a intercess\u00e3o e renovar sua f\u00e9. Mas a Festa do Beato Padre Eust\u00e1quio n\u00e3o aconteceu somente na capital mineira. Ao longo dos \u00faltimos dias, recebemos registros de comunidades que tamb\u00e9m celebraram a novena e a festa em honra ao Beato: Em Minas Gerais,<\/p>\n\t\t<\/div>\n\t\t\t\t\t<div class=\"elementor-post__read-more-wrapper\">\n\t\t\n\t\t<a class=\"elementor-post__read-more\" href=\"https:\/\/www.padreeustaquio.com.br\/es\/uma-festa-que-ultrapassou-fronteiras-e-reuniu-coracoes-na-fe\/\" aria-label=\"M\u00e1s informaci\u00f3n sobre Uma festa que ultrapassou fronteiras e reuniu cora\u00e7\u00f5es na f\u00e9\" tabindex=\"-1\" >\n\t\t\tLeer m\u00e1s &gt;&gt;\t\t<\/a>\n\n\t\t\t\t\t<\/div>\n\t\t\t\t<\/div>\n\t\t\t\t<div class=\"elementor-post__meta-data\">\n\t\t\t\t\t<span class=\"elementor-post-date\">\n\t\t\t31 de agosto de 2026\t\t<\/span>\n\t\t\t\t<\/div>\n\t\t\t\t\t<\/div>\n\t\t<\/article>\n\t\t\t\t<article class=\"elementor-post elementor-grid-item post-14083 post type-post status-publish format-standard has-post-thumbnail hentry category-noticias\" role=\"listitem\">\n\t\t\t<div class=\"elementor-post__card\">\n\t\t\t\t<a class=\"elementor-post__thumbnail__link\" href=\"https:\/\/www.padreeustaquio.com.br\/es\/canal-padre-eustaquio-quase-10-anos-levando-fe-historia-e-devocao-para-milhares-de-pessoas\/\" tabindex=\"-1\" ><div class=\"elementor-post__thumbnail\"><img decoding=\"async\" width=\"1024\" height=\"527\" src=\"https:\/\/www.padreeustaquio.com.br\/wp-content\/uploads\/2026\/08\/yout-1024x527.png\" class=\"attachment-large size-large wp-image-14084\" alt=\"\" srcset=\"https:\/\/www.padreeustaquio.com.br\/wp-content\/uploads\/2026\/08\/yout-1024x527.png 1024w, https:\/\/www.padreeustaquio.com.br\/wp-content\/uploads\/2026\/08\/yout-300x154.png 300w, https:\/\/www.padreeustaquio.com.br\/wp-content\/uploads\/2026\/08\/yout-768x395.png 768w, https:\/\/www.padreeustaquio.com.br\/wp-content\/uploads\/2026\/08\/yout-18x9.png 18w, https:\/\/www.padreeustaquio.com.br\/wp-content\/uploads\/2026\/08\/yout.png 1049w\" sizes=\"(max-width: 1024px) 100vw, 1024px\" \/><\/div><\/a>\n\t\t\t\t<div class=\"elementor-post__badge\">Noticias<\/div>\n\t\t\t\t<div class=\"elementor-post__text\">\n\t\t\t\t<h3 class=\"elementor-post__title\">\n\t\t\t<a href=\"https:\/\/www.padreeustaquio.com.br\/es\/canal-padre-eustaquio-quase-10-anos-levando-fe-historia-e-devocao-para-milhares-de-pessoas\/\" >\n\t\t\t\tCanal Padre Eust\u00e1quio: quase 10 anos levando f\u00e9, hist\u00f3ria e devo\u00e7\u00e3o para milhares de pessoas\t\t\t<\/a>\n\t\t<\/h3>\n\t\t\t\t<div class=\"elementor-post__excerpt\">\n\t\t\t<p>Voc\u00ea j\u00e1 conhece o Canal Padre Eust\u00e1quio? Criado em janeiro de 2017, ele est\u00e1 prestes a completar 10 anos de hist\u00f3ria e se consolidou como um importante meio de comunica\u00e7\u00e3o, evangeliza\u00e7\u00e3o e divulga\u00e7\u00e3o da vida e da devo\u00e7\u00e3o ao Beato Padre Eust\u00e1quio. Ligado \u00e0 A\u00e7\u00e3o Social Padre Eust\u00e1quio e \u00e0 causa de Canoniza\u00e7\u00e3o do Beato, o canal re\u00fane atualmente quase 33 mil inscritos, e vem alcan\u00e7ando milhares de pessoas com seus conte\u00fados. S\u00e3o mais de 3.930 v\u00eddeos ultrapassando 1.951.000 visualiza\u00e7\u00f5es. Somente neste m\u00eas, j\u00e1 foram registradas cerca de 24 mil visualiza\u00e7\u00f5es. Ao longo desses anos, o canal acompanhou diferentes momentos<\/p>\n\t\t<\/div>\n\t\t\t\t\t<div class=\"elementor-post__read-more-wrapper\">\n\t\t\n\t\t<a class=\"elementor-post__read-more\" href=\"https:\/\/www.padreeustaquio.com.br\/es\/canal-padre-eustaquio-quase-10-anos-levando-fe-historia-e-devocao-para-milhares-de-pessoas\/\" aria-label=\"M\u00e1s informaci\u00f3n sobre Canal Padre Eust\u00e1quio: quase 10 anos levando f\u00e9, hist\u00f3ria e devo\u00e7\u00e3o para milhares de pessoas\" tabindex=\"-1\" >\n\t\t\tLeer m\u00e1s &gt;&gt;\t\t<\/a>\n\n\t\t\t\t\t<\/div>\n\t\t\t\t<\/div>\n\t\t\t\t<div class=\"elementor-post__meta-data\">\n\t\t\t\t\t<span class=\"elementor-post-date\">\n\t\t\t29 de agosto de 2026\t\t<\/span>\n\t\t\t\t<\/div>\n\t\t\t\t\t<\/div>\n\t\t<\/article>\n\t\t\t\t<article class=\"elementor-post elementor-grid-item post-14095 post type-post status-publish format-standard has-post-thumbnail hentry category-noticias\" role=\"listitem\">\n\t\t\t<div class=\"elementor-post__card\">\n\t\t\t\t<a class=\"elementor-post__thumbnail__link\" href=\"https:\/\/www.padreeustaquio.com.br\/es\/la-causa-de-canonizacion-del-beato-padre-eustaquio-recibe-donaciones-de-hierbas-medicinales-para-revivir-la-tradicion-en-el-dia-de-padre-eustaquio\/\" tabindex=\"-1\" ><div class=\"elementor-post__thumbnail\"><img loading=\"lazy\" decoding=\"async\" width=\"1024\" height=\"538\" src=\"https:\/\/www.padreeustaquio.com.br\/wp-content\/uploads\/2026\/08\/Design-sem-nome-1024x538.png\" class=\"attachment-large size-large wp-image-14098\" alt=\"\" srcset=\"https:\/\/www.padreeustaquio.com.br\/wp-content\/uploads\/2026\/08\/Design-sem-nome-1024x538.png 1024w, https:\/\/www.padreeustaquio.com.br\/wp-content\/uploads\/2026\/08\/Design-sem-nome-300x158.png 300w, https:\/\/www.padreeustaquio.com.br\/wp-content\/uploads\/2026\/08\/Design-sem-nome-768x403.png 768w, https:\/\/www.padreeustaquio.com.br\/wp-content\/uploads\/2026\/08\/Design-sem-nome-18x9.png 18w, https:\/\/www.padreeustaquio.com.br\/wp-content\/uploads\/2026\/08\/Design-sem-nome.png 1200w\" sizes=\"(max-width: 1024px) 100vw, 1024px\" \/><\/div><\/a>\n\t\t\t\t<div class=\"elementor-post__badge\">Noticias<\/div>\n\t\t\t\t<div class=\"elementor-post__text\">\n\t\t\t\t<h3 class=\"elementor-post__title\">\n\t\t\t<a href=\"https:\/\/www.padreeustaquio.com.br\/es\/la-causa-de-canonizacion-del-beato-padre-eustaquio-recibe-donaciones-de-hierbas-medicinales-para-revivir-la-tradicion-en-el-dia-de-padre-eustaquio\/\" >\n\t\t\t\tLa Causa de Canonizaci\u00f3n recibe donaciones de hierbas medicinales para revivir la tradici\u00f3n del D\u00eda del Padre Eust\u00e1quio.\t\t\t<\/a>\n\t\t<\/h3>\n\t\t\t\t<div class=\"elementor-post__excerpt\">\n\t\t\t<p>Em prepara\u00e7\u00e3o para o Dia do Padre Eust\u00e1quio, celebrado 30 de agosto, a Causa de Canoniza\u00e7\u00e3o do Beato Padre Eust\u00e1quio est\u00e1 promovendo uma iniciativa para resgatar uma antiga tradi\u00e7\u00e3o ligada \u00e0 data: a distribui\u00e7\u00e3o de ervas e plantas medicinais aos devotos. Para que a tradi\u00e7\u00e3o possa ser retomada, a Causa de Canoniza\u00e7\u00e3o est\u00e1 recebendo doa\u00e7\u00f5es de ervas medicinais. Entre as plantas mais necess\u00e1rias est\u00e3o o alecrim e a erva-cidreira, tamb\u00e9m conhecida como capim-santo. As doa\u00e7\u00f5es poder\u00e3o ser entregues na Loja do Padre Eust\u00e1quio no s\u00e1bado, 29 de agosto, das 8h \u00e0s 12h. Quem preferir poder\u00e1 levar as ervas tamb\u00e9m no<\/p>\n\t\t<\/div>\n\t\t\t\t\t<div class=\"elementor-post__read-more-wrapper\">\n\t\t\n\t\t<a class=\"elementor-post__read-more\" href=\"https:\/\/www.padreeustaquio.com.br\/es\/la-causa-de-canonizacion-del-beato-padre-eustaquio-recibe-donaciones-de-hierbas-medicinales-para-revivir-la-tradicion-en-el-dia-de-padre-eustaquio\/\" aria-label=\"M\u00e1s informaci\u00f3n sobre Causa de Canoniza\u00e7\u00e3o recebe doa\u00e7\u00f5es de ervas medicinais para resgatar tradi\u00e7\u00e3o no Dia do Padre Eust\u00e1quio\" tabindex=\"-1\" >\n\t\t\tLeer m\u00e1s &gt;&gt;\t\t<\/a>\n\n\t\t\t\t\t<\/div>\n\t\t\t\t<\/div>\n\t\t\t\t<div class=\"elementor-post__meta-data\">\n\t\t\t\t\t<span class=\"elementor-post-date\">\n\t\t\t28 de agosto de 2026\t\t<\/span>\n\t\t\t\t<\/div>\n\t\t\t\t\t<\/div>\n\t\t<\/article>\n\t\t\t\t<article class=\"elementor-post elementor-grid-item post-14091 post type-post status-publish format-standard has-post-thumbnail hentry category-noticias\" role=\"listitem\">\n\t\t\t<div class=\"elementor-post__card\">\n\t\t\t\t<a class=\"elementor-post__thumbnail__link\" href=\"https:\/\/www.padreeustaquio.com.br\/es\/historia-aprendizaje-e-inspiracion-para-las-nuevas-generaciones\/\" tabindex=\"-1\" ><div class=\"elementor-post__thumbnail\"><img loading=\"lazy\" decoding=\"async\" width=\"1024\" height=\"472\" src=\"https:\/\/www.padreeustaquio.com.br\/wp-content\/uploads\/2026\/08\/WhatsApp-Image-2026-08-25-at-14.12.43-1024x472.jpeg\" class=\"attachment-large size-large wp-image-14092\" alt=\"\" srcset=\"https:\/\/www.padreeustaquio.com.br\/wp-content\/uploads\/2026\/08\/WhatsApp-Image-2026-08-25-at-14.12.43-1024x472.jpeg 1024w, https:\/\/www.padreeustaquio.com.br\/wp-content\/uploads\/2026\/08\/WhatsApp-Image-2026-08-25-at-14.12.43-300x138.jpeg 300w, https:\/\/www.padreeustaquio.com.br\/wp-content\/uploads\/2026\/08\/WhatsApp-Image-2026-08-25-at-14.12.43-768x354.jpeg 768w, https:\/\/www.padreeustaquio.com.br\/wp-content\/uploads\/2026\/08\/WhatsApp-Image-2026-08-25-at-14.12.43-1536x708.jpeg 1536w, https:\/\/www.padreeustaquio.com.br\/wp-content\/uploads\/2026\/08\/WhatsApp-Image-2026-08-25-at-14.12.43-18x8.jpeg 18w, https:\/\/www.padreeustaquio.com.br\/wp-content\/uploads\/2026\/08\/WhatsApp-Image-2026-08-25-at-14.12.43.jpeg 1600w\" sizes=\"(max-width: 1024px) 100vw, 1024px\" \/><\/div><\/a>\n\t\t\t\t<div class=\"elementor-post__badge\">Noticias<\/div>\n\t\t\t\t<div class=\"elementor-post__text\">\n\t\t\t\t<h3 class=\"elementor-post__title\">\n\t\t\t<a href=\"https:\/\/www.padreeustaquio.com.br\/es\/historia-aprendizaje-e-inspiracion-para-las-nuevas-generaciones\/\" >\n\t\t\t\tHistoria, aprendizaje e inspiraci\u00f3n para las nuevas generaciones.\t\t\t<\/a>\n\t\t<\/h3>\n\t\t\t\t<div class=\"elementor-post__excerpt\">\n\t\t\t<p>As crian\u00e7as da Creche Padre Eust\u00e1quio \u2013 Unidade 1 tiveram um encontro especial com a hist\u00f3ria do Beato Padre Eust\u00e1quio. Funcion\u00e1rios do Museu Padre Eust\u00e1quio, o pesquisador Leandro Castro e a secret\u00e1ria Samdra Fruet, estiveram na unidade para conversar com as crian\u00e7as e compartilhar um pouco da trajet\u00f3ria, da vida e da miss\u00e3o do Beato. De forma acolhedora e significativa, o encontro proporcionou \u00e0s crian\u00e7as a oportunidade de conhecer mais sobre Padre Eust\u00e1quio e sua hist\u00f3ria, aproximando os pequenos de uma mem\u00f3ria que faz parte da identidade da institui\u00e7\u00e3o. O momento foi marcado por aprendizado, curiosidade e carinho, mostrando a<\/p>\n\t\t<\/div>\n\t\t\t\t\t<div class=\"elementor-post__read-more-wrapper\">\n\t\t\n\t\t<a class=\"elementor-post__read-more\" href=\"https:\/\/www.padreeustaquio.com.br\/es\/historia-aprendizaje-e-inspiracion-para-las-nuevas-generaciones\/\" aria-label=\"M\u00e1s informaci\u00f3n sobre Hist\u00f3ria, aprendizado e inspira\u00e7\u00e3o para as novas gera\u00e7\u00f5es\" tabindex=\"-1\" >\n\t\t\tLeer m\u00e1s &gt;&gt;\t\t<\/a>\n\n\t\t\t\t\t<\/div>\n\t\t\t\t<\/div>\n\t\t\t\t<div class=\"elementor-post__meta-data\">\n\t\t\t\t\t<span class=\"elementor-post-date\">\n\t\t\t27 de agosto de 2026\t\t<\/span>\n\t\t\t\t<\/div>\n\t\t\t\t\t<\/div>\n\t\t<\/article>\n\t\t\t\t<article class=\"elementor-post elementor-grid-item post-14069 post type-post status-publish format-standard has-post-thumbnail hentry category-noticias\" role=\"listitem\">\n\t\t\t<div class=\"elementor-post__card\">\n\t\t\t\t<a class=\"elementor-post__thumbnail__link\" href=\"https:\/\/www.padreeustaquio.com.br\/es\/el-padre-eustaquio-inspira-la-obra-misional-en-paraguay\/\" tabindex=\"-1\" ><div class=\"elementor-post__thumbnail\"><img loading=\"lazy\" decoding=\"async\" width=\"1024\" height=\"768\" src=\"https:\/\/www.padreeustaquio.com.br\/wp-content\/uploads\/2026\/08\/WhatsApp-Image-2026-08-24-at-06.51.00-2-1024x768.jpeg\" class=\"attachment-large size-large wp-image-14070\" alt=\"\" srcset=\"https:\/\/www.padreeustaquio.com.br\/wp-content\/uploads\/2026\/08\/WhatsApp-Image-2026-08-24-at-06.51.00-2-1024x768.jpeg 1024w, https:\/\/www.padreeustaquio.com.br\/wp-content\/uploads\/2026\/08\/WhatsApp-Image-2026-08-24-at-06.51.00-2-300x225.jpeg 300w, https:\/\/www.padreeustaquio.com.br\/wp-content\/uploads\/2026\/08\/WhatsApp-Image-2026-08-24-at-06.51.00-2-768x576.jpeg 768w, https:\/\/www.padreeustaquio.com.br\/wp-content\/uploads\/2026\/08\/WhatsApp-Image-2026-08-24-at-06.51.00-2-1536x1152.jpeg 1536w, https:\/\/www.padreeustaquio.com.br\/wp-content\/uploads\/2026\/08\/WhatsApp-Image-2026-08-24-at-06.51.00-2-2048x1536.jpeg 2048w, https:\/\/www.padreeustaquio.com.br\/wp-content\/uploads\/2026\/08\/WhatsApp-Image-2026-08-24-at-06.51.00-2-16x12.jpeg 16w, https:\/\/www.padreeustaquio.com.br\/wp-content\/uploads\/2026\/08\/WhatsApp-Image-2026-08-24-at-06.51.00-2-180x135.jpeg 180w, https:\/\/www.padreeustaquio.com.br\/wp-content\/uploads\/2026\/08\/WhatsApp-Image-2026-08-24-at-06.51.00-2-400x300.jpeg 400w, https:\/\/www.padreeustaquio.com.br\/wp-content\/uploads\/2026\/08\/WhatsApp-Image-2026-08-24-at-06.51.00-2-600x450.jpeg 600w, https:\/\/www.padreeustaquio.com.br\/wp-content\/uploads\/2026\/08\/WhatsApp-Image-2026-08-24-at-06.51.00-2-800x600.jpeg 800w, https:\/\/www.padreeustaquio.com.br\/wp-content\/uploads\/2026\/08\/WhatsApp-Image-2026-08-24-at-06.51.00-2-1200x900.jpeg 1200w, https:\/\/www.padreeustaquio.com.br\/wp-content\/uploads\/2026\/08\/WhatsApp-Image-2026-08-24-at-06.51.00-2-1600x1200.jpeg 1600w\" sizes=\"(max-width: 1024px) 100vw, 1024px\" \/><\/div><\/a>\n\t\t\t\t<div class=\"elementor-post__badge\">Noticias<\/div>\n\t\t\t\t<div class=\"elementor-post__text\">\n\t\t\t\t<h3 class=\"elementor-post__title\">\n\t\t\t<a href=\"https:\/\/www.padreeustaquio.com.br\/es\/el-padre-eustaquio-inspira-la-obra-misional-en-paraguay\/\" >\n\t\t\t\tEl padre Eust\u00e1quio inspira la obra misional en Paraguay.\t\t\t<\/a>\n\t\t<\/h3>\n\t\t\t\t<div class=\"elementor-post__excerpt\">\n\t\t\t<p>Em prepara\u00e7\u00e3o para a Festa do Beato Padre Eust\u00e1quio e durante o m\u00eas dedicado ao Mission\u00e1rio da Sa\u00fade e da Paz, um grupo de devotos realizou uma a\u00e7\u00e3o mission\u00e1ria no Hospital General de San Lorenzo (Calle\u2019i), no Paraguai. A iniciativa foi realizada pelo Grupo Padre Eust\u00e1quio, da Par\u00f3quia Santa Catalina, com a participa\u00e7\u00e3o do padre Vanildo Lima, SS.CC. e do irm\u00e3o Douglas, brasileiros que atualmente realizam miss\u00e3o no pa\u00eds. Durante a visita, foram distribu\u00eddos almo\u00e7os aos presentes, realizadas visitas aos enfermos e entregues ora\u00e7\u00f5es do Beato Padre Eust\u00e1quio, levando aos pacientes uma mensagem de f\u00e9, esperan\u00e7a e cuidado. A a\u00e7\u00e3o<\/p>\n\t\t<\/div>\n\t\t\t\t\t<div class=\"elementor-post__read-more-wrapper\">\n\t\t\n\t\t<a class=\"elementor-post__read-more\" href=\"https:\/\/www.padreeustaquio.com.br\/es\/el-padre-eustaquio-inspira-la-obra-misional-en-paraguay\/\" aria-label=\"M\u00e1s informaci\u00f3n sobre Padre Eust\u00e1quio inspira a\u00e7\u00e3o mission\u00e1ria no Paraguai\" tabindex=\"-1\" >\n\t\t\tLeer m\u00e1s &gt;&gt;\t\t<\/a>\n\n\t\t\t\t\t<\/div>\n\t\t\t\t<\/div>\n\t\t\t\t<div class=\"elementor-post__meta-data\">\n\t\t\t\t\t<span class=\"elementor-post-date\">\n\t\t\t24 de agosto de 2026\t\t<\/span>\n\t\t\t\t<\/div>\n\t\t\t\t\t<\/div>\n\t\t<\/article>\n\t\t\t\t<\/div>\n\t\t\t\t\t<span class=\"e-load-more-spinner\">\n\t\t\t\t<svg aria-hidden=\"true\" class=\"e-font-icon-svg e-fas-spinner\" viewbox=\"0 0 512 512\" xmlns=\"http:\/\/www.w3.org\/2000\/svg\"><path d=\"M304 48c0 26.51-21.49 48-48 48s-48-21.49-48-48 21.49-48 48-48 48 21.49 48 48zm-48 368c-26.51 0-48 21.49-48 48s21.49 48 48 48 48-21.49 48-48-21.49-48-48-48zm208-208c-26.51 0-48 21.49-48 48s21.49 48 48 48 48-21.49 48-48-21.49-48-48-48zM96 256c0-26.51-21.49-48-48-48S0 229.49 0 256s21.49 48 48 48 48-21.49 48-48zm12.922 99.078c-26.51 0-48 21.49-48 48s21.49 48 48 48 48-21.49 48-48c0-26.509-21.491-48-48-48zm294.156 0c-26.51 0-48 21.49-48 48s21.49 48 48 48 48-21.49 48-48c0-26.509-21.49-48-48-48zM108.922 60.922c-26.51 0-48 21.49-48 48s21.49 48 48 48 48-21.49 48-48-21.491-48-48-48z\"><\/path><\/svg>\t\t\t<\/span>\n\t\t\n\t\t\t\t<div class=\"e-load-more-anchor\" data-page=\"1\" data-max-page=\"192\" data-next-page=\"https:\/\/www.padreeustaquio.com.br\/wp-json\/wp\/v2\/pages\/11992\/page\/2\/\"><\/div>\n\t\t\t\t<div class=\"elementor-button-wrapper\">\n\t\t\t<a class=\"elementor-button elementor-size-sm\" role=\"button\">\n\t\t\t\t\t\t<span class=\"elementor-button-content-wrapper\">\n\t\t\t\t\t\t\t<span class=\"elementor-button-icon\">\n\t\t\t\t<svg aria-hidden=\"true\" class=\"e-font-icon-svg e-fas-plus\" viewbox=\"0 0 448 512\" xmlns=\"http:\/\/www.w3.org\/2000\/svg\"><path d=\"M416 208H272V64c0-17.67-14.33-32-32-32h-32c-17.67 0-32 14.33-32 32v144H32c-17.67 0-32 14.33-32 32v32c0 17.67 14.33 32 32 32h144v144c0 17.67 14.33 32 32 32h32c17.67 0 32-14.33 32-32V304h144c17.67 0 32-14.33 32-32v-32c0-17.67-14.33-32-32-32z\"><\/path><\/svg>\t\t\t<\/span>\n\t\t\t\t\t\t\t\t\t<span class=\"elementor-button-text\">Ver m\u00e1s publicaciones<\/span>\n\t\t\t\t\t<\/span>\n\t\t\t\t\t<\/a>\n\t\t<\/div>\n\t\t\t\t<div class=\"e-load-more-message\"><\/div>\n\t\t\t\t\t\t<\/div>\n\t\t\t\t<\/div>\n\t\t\t\t\t<\/div>\n\t\t\t\t<\/div>\n\t\t\t\t<\/div>","protected":false},"excerpt":{"rendered":"<p>Buscar Buscar<\/p>","protected":false},"author":2,"featured_media":0,"parent":0,"menu_order":0,"comment_status":"closed","ping_status":"closed","template":"elementor_header_footer","meta":{"_acf_changed":false,"footnotes":""},"class_list":["post-11992","page","type-page","status-publish","hentry"],"acf":[],"yoast_head":"<!-- This site is optimized with the Yoast SEO plugin v27.2 - https:\/\/yoast.com\/product\/yoast-seo-wordpress\/ -->\n<title>not\u00edcias - Padre Eust\u00e1quio<\/title>\n<meta name=\"robots\" content=\"index, follow, max-snippet:-1, max-image-preview:large, max-video-preview:-1\" \/>\n<link rel=\"canonical\" href=\"https:\/\/www.padreeustaquio.com.br\/es\/noticias\/\" \/>\n<meta property=\"og:locale\" content=\"es_ES\" \/>\n<meta property=\"og:type\" content=\"article\" \/>\n<meta property=\"og:title\" content=\"not\u00edcias - Padre Eust\u00e1quio\" \/>\n<meta property=\"og:description\" content=\"Pesquisar Pesquisar\" \/>\n<meta property=\"og:url\" content=\"https:\/\/www.padreeustaquio.com.br\/es\/noticias\/\" \/>\n<meta property=\"og:site_name\" content=\"Padre Eust\u00e1quio\" \/>\n<meta property=\"article:publisher\" content=\"https:\/\/www.facebook.com\/beatopadreeustaquio\/\" \/>\n<meta property=\"article:modified_time\" content=\"2025-11-14T11:55:11+00:00\" \/>\n<meta property=\"og:image\" content=\"https:\/\/www.padreeustaquio.com.br\/wp-content\/uploads\/2019\/07\/Padre.png\" \/>\n\t<meta property=\"og:image:width\" content=\"816\" \/>\n\t<meta property=\"og:image:height\" content=\"697\" \/>\n\t<meta property=\"og:image:type\" content=\"image\/png\" \/>\n<meta name=\"twitter:card\" content=\"summary_large_image\" \/>\n<meta name=\"twitter:site\" content=\"@beatopeustaquio\" \/>\n<meta name=\"twitter:label1\" content=\"Tiempo de lectura\" \/>\n\t<meta name=\"twitter:data1\" content=\"6 minutos\" \/>\n<script type=\"application\/ld+json\" class=\"yoast-schema-graph\">{\"@context\":\"https:\/\/schema.org\",\"@graph\":[{\"@type\":\"WebPage\",\"@id\":\"https:\/\/www.padreeustaquio.com.br\/noticias\/\",\"url\":\"https:\/\/www.padreeustaquio.com.br\/noticias\/\",\"name\":\"not\u00edcias - Padre Eust\u00e1quio\",\"isPartOf\":{\"@id\":\"https:\/\/www.padreeustaquio.com.br\/#website\"},\"datePublished\":\"2025-09-08T17:53:36+00:00\",\"dateModified\":\"2025-11-14T11:55:11+00:00\",\"breadcrumb\":{\"@id\":\"https:\/\/www.padreeustaquio.com.br\/noticias\/#breadcrumb\"},\"inLanguage\":\"es\",\"potentialAction\":[{\"@type\":\"ReadAction\",\"target\":[\"https:\/\/www.padreeustaquio.com.br\/noticias\/\"]}]},{\"@type\":\"BreadcrumbList\",\"@id\":\"https:\/\/www.padreeustaquio.com.br\/noticias\/#breadcrumb\",\"itemListElement\":[{\"@type\":\"ListItem\",\"position\":1,\"name\":\"In\u00edcio\",\"item\":\"https:\/\/www.padreeustaquio.com.br\/\"},{\"@type\":\"ListItem\",\"position\":2,\"name\":\"not\u00edcias\"}]},{\"@type\":\"WebSite\",\"@id\":\"https:\/\/www.padreeustaquio.com.br\/#website\",\"url\":\"https:\/\/www.padreeustaquio.com.br\/\",\"name\":\"Padre Eust\u00e1quio\",\"description\":\"Sa\u00fade e Paz\",\"publisher\":{\"@id\":\"https:\/\/www.padreeustaquio.com.br\/#organization\"},\"potentialAction\":[{\"@type\":\"SearchAction\",\"target\":{\"@type\":\"EntryPoint\",\"urlTemplate\":\"https:\/\/www.padreeustaquio.com.br\/?s={search_term_string}\"},\"query-input\":{\"@type\":\"PropertyValueSpecification\",\"valueRequired\":true,\"valueName\":\"search_term_string\"}}],\"inLanguage\":\"es\"},{\"@type\":\"Organization\",\"@id\":\"https:\/\/www.padreeustaquio.com.br\/#organization\",\"name\":\"Padre Eust\u00e1quio\",\"url\":\"https:\/\/www.padreeustaquio.com.br\/\",\"logo\":{\"@type\":\"ImageObject\",\"inLanguage\":\"es\",\"@id\":\"https:\/\/www.padreeustaquio.com.br\/#\/schema\/logo\/image\/\",\"url\":\"https:\/\/www.padreeustaquio.com.br\/wp-content\/uploads\/2019\/08\/marca.png\",\"contentUrl\":\"https:\/\/www.padreeustaquio.com.br\/wp-content\/uploads\/2019\/08\/marca.png\",\"width\":350,\"height\":400,\"caption\":\"Padre Eust\u00e1quio\"},\"image\":{\"@id\":\"https:\/\/www.padreeustaquio.com.br\/#\/schema\/logo\/image\/\"},\"sameAs\":[\"https:\/\/www.facebook.com\/beatopadreeustaquio\/\",\"https:\/\/x.com\/beatopeustaquio\",\"https:\/\/www.instagram.com\/beatopadreeustaquio\/\",\"https:\/\/www.youtube.com\/channel\/UCRhw7vfabnajwLxb1ZXMeIw\"]}]}<\/script>\n<!-- \/ Yoast SEO plugin. -->","yoast_head_json":{"title":"Noticias - Padre Eust\u00e1quio","robots":{"index":"index","follow":"follow","max-snippet":"max-snippet:-1","max-image-preview":"max-image-preview:large","max-video-preview":"max-video-preview:-1"},"canonical":"https:\/\/www.padreeustaquio.com.br\/es\/noticias\/","og_locale":"es_ES","og_type":"article","og_title":"not\u00edcias - Padre Eust\u00e1quio","og_description":"Pesquisar Pesquisar","og_url":"https:\/\/www.padreeustaquio.com.br\/es\/noticias\/","og_site_name":"Padre Eust\u00e1quio","article_publisher":"https:\/\/www.facebook.com\/beatopadreeustaquio\/","article_modified_time":"2025-11-14T11:55:11+00:00","og_image":[{"width":816,"height":697,"url":"https:\/\/www.padreeustaquio.com.br\/wp-content\/uploads\/2019\/07\/Padre.png","type":"image\/png"}],"twitter_card":"summary_large_image","twitter_site":"@beatopeustaquio","twitter_misc":{"Tiempo de lectura":"6 minutos"},"schema":{"@context":"https:\/\/schema.org","@graph":[{"@type":"WebPage","@id":"https:\/\/www.padreeustaquio.com.br\/noticias\/","url":"https:\/\/www.padreeustaquio.com.br\/noticias\/","name":"Noticias - Padre Eust\u00e1quio","isPartOf":{"@id":"https:\/\/www.padreeustaquio.com.br\/#website"},"datePublished":"2025-09-08T17:53:36+00:00","dateModified":"2025-11-14T11:55:11+00:00","breadcrumb":{"@id":"https:\/\/www.padreeustaquio.com.br\/noticias\/#breadcrumb"},"inLanguage":"es","potentialAction":[{"@type":"ReadAction","target":["https:\/\/www.padreeustaquio.com.br\/noticias\/"]}]},{"@type":"BreadcrumbList","@id":"https:\/\/www.padreeustaquio.com.br\/noticias\/#breadcrumb","itemListElement":[{"@type":"ListItem","position":1,"name":"In\u00edcio","item":"https:\/\/www.padreeustaquio.com.br\/"},{"@type":"ListItem","position":2,"name":"not\u00edcias"}]},{"@type":"WebSite","@id":"https:\/\/www.padreeustaquio.com.br\/#website","url":"https:\/\/www.padreeustaquio.com.br\/","name":"Padre Eustace","description":"Salud y Paz","publisher":{"@id":"https:\/\/www.padreeustaquio.com.br\/#organization"},"potentialAction":[{"@type":"SearchAction","target":{"@type":"EntryPoint","urlTemplate":"https:\/\/www.padreeustaquio.com.br\/?s={search_term_string}"},"query-input":{"@type":"PropertyValueSpecification","valueRequired":true,"valueName":"search_term_string"}}],"inLanguage":"es"},{"@type":"Organization","@id":"https:\/\/www.padreeustaquio.com.br\/#organization","name":"Padre Eustace","url":"https:\/\/www.padreeustaquio.com.br\/","logo":{"@type":"ImageObject","inLanguage":"es","@id":"https:\/\/www.padreeustaquio.com.br\/#\/schema\/logo\/image\/","url":"https:\/\/www.padreeustaquio.com.br\/wp-content\/uploads\/2019\/08\/marca.png","contentUrl":"https:\/\/www.padreeustaquio.com.br\/wp-content\/uploads\/2019\/08\/marca.png","width":350,"height":400,"caption":"Padre Eust\u00e1quio"},"image":{"@id":"https:\/\/www.padreeustaquio.com.br\/#\/schema\/logo\/image\/"},"sameAs":["https:\/\/www.facebook.com\/beatopadreeustaquio\/","https:\/\/x.com\/beatopeustaquio","https:\/\/www.instagram.com\/beatopadreeustaquio\/","https:\/\/www.youtube.com\/channel\/UCRhw7vfabnajwLxb1ZXMeIw"]}]}},"_links":{"self":[{"href":"https:\/\/www.padreeustaquio.com.br\/es\/wp-json\/wp\/v2\/pages\/11992","targetHints":{"allow":["GET"]}}],"collection":[{"href":"https:\/\/www.padreeustaquio.com.br\/es\/wp-json\/wp\/v2\/pages"}],"about":[{"href":"https:\/\/www.padreeustaquio.com.br\/es\/wp-json\/wp\/v2\/types\/page"}],"author":[{"embeddable":true,"href":"https:\/\/www.padreeustaquio.com.br\/es\/wp-json\/wp\/v2\/users\/2"}],"replies":[{"embeddable":true,"href":"https:\/\/www.padreeustaquio.com.br\/es\/wp-json\/wp\/v2\/comments?post=11992"}],"version-history":[{"count":15,"href":"https:\/\/www.padreeustaquio.com.br\/es\/wp-json\/wp\/v2\/pages\/11992\/revisions"}],"predecessor-version":[{"id":12820,"href":"https:\/\/www.padreeustaquio.com.br\/es\/wp-json\/wp\/v2\/pages\/11992\/revisions\/12820"}],"wp:attachment":[{"href":"https:\/\/www.padreeustaquio.com.br\/es\/wp-json\/wp\/v2\/media?parent=11992"}],"curies":[{"name":"wp","href":"https:\/\/api.w.org\/{rel}","templated":true}]}}