{"id":4412,"date":"2020-07-04T18:04:38","date_gmt":"2020-07-04T21:04:38","guid":{"rendered":"https:\/\/www.padreeustaquio.com.br\/?page_id=4412"},"modified":"2023-02-17T15:55:27","modified_gmt":"2023-02-17T18:55:27","slug":"donate","status":"publish","type":"page","link":"https:\/\/www.padreeustaquio.com.br\/en\/donate\/","title":{"rendered":"Make your donation and help us maintain our work and broadcasts."},"content":{"rendered":"<p><strong>Join the large family of \"Friends of Father Eust\u00e1quio\". <\/strong><\/p>\n<p style=\"text-align: left;\">Disseminating the life and history of Father Eust\u00e1quio so that more people may know this exemplary life is a fundamental role of the Vice-Postulation of the Cause of Canonization. In addition to investing in this dissemination, the National Secretariat is also responsible for the canonization process with the Holy See. All these activities, along with those of the Padre Eust\u00e1quio Social Action, which continues the works initiated and conceived by the Blessed, are part of this effort. <em>(like the daycare center that bears the name of the Blessed One and currently serves 260 children)<\/em> These projects are funded by us, through the collaboration and help of the entire community.<\/p>\n<p>You too can be a partner in this work and help us to maintain the online broadcasts of our celebrations. Make your donation by deposit or bank transfer:<\/p>\n<p style=\"text-align: center;\"><img decoding=\"async\" class=\"alignnone\" src=\"https:\/\/atendimentodigital.caixa.gov.br\/voce\/assets\/images\/logo-caixa.png\" alt=\"Support the vice-postulation with a deposit or transfer to the Caixa (bank).\" width=\"131\" height=\"33\" \/><\/p>\n<p style=\"text-align: center;\">Father Eust\u00e1quio Social Action<br \/>\nCNPJ: 17.193.756\/0001-05<br \/>\nAgency: <strong>0089<\/strong><br \/>\nAccount type:<strong>\u00a01388<\/strong><br \/>\nSavings account:\u00a0<strong>000738971768-9<\/strong><\/p>\n<p style=\"text-align: center;\"><img decoding=\"async\" class=\"aligncenter\" src=\"https:\/\/www.shipay.com.br\/wp-content\/uploads\/2020\/09\/pix-logo-1.png\" alt=\"Help the vice-presidential candidate with a Pix transfer.\" width=\"127\" height=\"45\" \/><span style=\"font-size: 1.21429rem;\">If you prefer, send a PIX transfer using the key:\u00a0<strong>contato@padreeustaquio.com.br<\/strong><\/span><\/p>\n<p>Or put your contribution in the coffers of the Padre Eust\u00e1quio Memorial in Belo Horizonte! You and your family will always be in our prayers!<\/p>\n<p style=\"text-align: left;\">Health and Peace!<\/p>","protected":false},"excerpt":{"rendered":"<p>Entre para a grande fam\u00edlia dos \u201cAmigos do Padre Eust\u00e1quio\u201d. Divulgar a vida e a hist\u00f3ria de Padre Eust\u00e1quio para que mais pessoas conhe\u00e7am este exemplo de vida \u00e9 papel fundamental da Vice-Postula\u00e7\u00e3o da Causa de Canoniza\u00e7\u00e3o. Al\u00e9m de investir nesta divulga\u00e7\u00e3o, o Secretariado Nacional tamb\u00e9m \u00e9 respons\u00e1vel pelo processo de canoniza\u00e7\u00e3o junto \u00e0 Santa S\u00e9. Todas estas atividades e as da A\u00e7\u00e3o Social Padre Eust\u00e1quio, que continua as obras iniciadas e idealizadas pelo Beato (como a Creche que leva o nome do Bem-Aventurado e atende atualmente a 260 crian\u00e7as) s\u00e3o custeadas por n\u00f3s, por meio da colabora\u00e7\u00e3o e ajuda [&hellip;]<\/p>\n","protected":false},"author":2,"featured_media":0,"parent":0,"menu_order":0,"comment_status":"closed","ping_status":"closed","template":"","meta":{"_acf_changed":false,"footnotes":""},"class_list":["post-4412","page","type-page","status-publish","hentry"],"acf":[],"yoast_head":"<!-- This site is optimized with the Yoast SEO plugin v27.2 - https:\/\/yoast.com\/product\/yoast-seo-wordpress\/ -->\n<title>Fa\u00e7a sua doa\u00e7\u00e3o e ajude-nos a manter as obras e as transmiss\u00f5es - Padre Eust\u00e1quio<\/title>\n<meta name=\"robots\" content=\"index, follow, max-snippet:-1, max-image-preview:large, max-video-preview:-1\" \/>\n<link rel=\"canonical\" href=\"https:\/\/www.padreeustaquio.com.br\/en\/donate\/\" \/>\n<meta property=\"og:locale\" content=\"en_US\" \/>\n<meta property=\"og:type\" content=\"article\" \/>\n<meta property=\"og:title\" content=\"Fa\u00e7a sua doa\u00e7\u00e3o e ajude-nos a manter as obras e as transmiss\u00f5es - Padre Eust\u00e1quio\" \/>\n<meta property=\"og:description\" content=\"Entre para a grande fam\u00edlia dos \u201cAmigos do Padre Eust\u00e1quio\u201d. Divulgar a vida e a hist\u00f3ria de Padre Eust\u00e1quio para que mais pessoas conhe\u00e7am este exemplo de vida \u00e9 papel fundamental da Vice-Postula\u00e7\u00e3o da Causa de Canoniza\u00e7\u00e3o. Al\u00e9m de investir nesta divulga\u00e7\u00e3o, o Secretariado Nacional tamb\u00e9m \u00e9 respons\u00e1vel pelo processo de canoniza\u00e7\u00e3o junto \u00e0 Santa S\u00e9. Todas estas atividades e as da A\u00e7\u00e3o Social Padre Eust\u00e1quio, que continua as obras iniciadas e idealizadas pelo Beato (como a Creche que leva o nome do Bem-Aventurado e atende atualmente a 260 crian\u00e7as) s\u00e3o custeadas por n\u00f3s, por meio da colabora\u00e7\u00e3o e ajuda [&hellip;]\" \/>\n<meta property=\"og:url\" content=\"https:\/\/www.padreeustaquio.com.br\/en\/donate\/\" \/>\n<meta property=\"og:site_name\" content=\"Padre Eust\u00e1quio\" \/>\n<meta property=\"article:publisher\" content=\"https:\/\/www.facebook.com\/beatopadreeustaquio\/\" \/>\n<meta property=\"article:modified_time\" content=\"2023-02-17T18:55:27+00:00\" \/>\n<meta property=\"og:image\" content=\"https:\/\/atendimentodigital.caixa.gov.br\/voce\/assets\/images\/logo-caixa.png\" \/>\n<meta name=\"twitter:card\" content=\"summary_large_image\" \/>\n<meta name=\"twitter:site\" content=\"@beatopeustaquio\" \/>\n<meta name=\"twitter:label1\" content=\"Est. reading time\" \/>\n\t<meta name=\"twitter:data1\" content=\"2 minutes\" \/>\n<script type=\"application\/ld+json\" class=\"yoast-schema-graph\">{\"@context\":\"https:\/\/schema.org\",\"@graph\":[{\"@type\":\"WebPage\",\"@id\":\"https:\/\/www.padreeustaquio.com.br\/doar\/\",\"url\":\"https:\/\/www.padreeustaquio.com.br\/doar\/\",\"name\":\"Fa\u00e7a sua doa\u00e7\u00e3o e ajude-nos a manter as obras e as transmiss\u00f5es - Padre Eust\u00e1quio\",\"isPartOf\":{\"@id\":\"https:\/\/www.padreeustaquio.com.br\/#website\"},\"primaryImageOfPage\":{\"@id\":\"https:\/\/www.padreeustaquio.com.br\/doar\/#primaryimage\"},\"image\":{\"@id\":\"https:\/\/www.padreeustaquio.com.br\/doar\/#primaryimage\"},\"thumbnailUrl\":\"https:\/\/atendimentodigital.caixa.gov.br\/voce\/assets\/images\/logo-caixa.png\",\"datePublished\":\"2020-07-04T21:04:38+00:00\",\"dateModified\":\"2023-02-17T18:55:27+00:00\",\"breadcrumb\":{\"@id\":\"https:\/\/www.padreeustaquio.com.br\/doar\/#breadcrumb\"},\"inLanguage\":\"en-US\",\"potentialAction\":[{\"@type\":\"ReadAction\",\"target\":[\"https:\/\/www.padreeustaquio.com.br\/doar\/\"]}]},{\"@type\":\"ImageObject\",\"inLanguage\":\"en-US\",\"@id\":\"https:\/\/www.padreeustaquio.com.br\/doar\/#primaryimage\",\"url\":\"https:\/\/atendimentodigital.caixa.gov.br\/voce\/assets\/images\/logo-caixa.png\",\"contentUrl\":\"https:\/\/atendimentodigital.caixa.gov.br\/voce\/assets\/images\/logo-caixa.png\"},{\"@type\":\"BreadcrumbList\",\"@id\":\"https:\/\/www.padreeustaquio.com.br\/doar\/#breadcrumb\",\"itemListElement\":[{\"@type\":\"ListItem\",\"position\":1,\"name\":\"In\u00edcio\",\"item\":\"https:\/\/www.padreeustaquio.com.br\/\"},{\"@type\":\"ListItem\",\"position\":2,\"name\":\"Fa\u00e7a sua doa\u00e7\u00e3o e ajude-nos a manter as obras e as transmiss\u00f5es\"}]},{\"@type\":\"WebSite\",\"@id\":\"https:\/\/www.padreeustaquio.com.br\/#website\",\"url\":\"https:\/\/www.padreeustaquio.com.br\/\",\"name\":\"Padre Eust\u00e1quio\",\"description\":\"Sa\u00fade e Paz\",\"publisher\":{\"@id\":\"https:\/\/www.padreeustaquio.com.br\/#organization\"},\"potentialAction\":[{\"@type\":\"SearchAction\",\"target\":{\"@type\":\"EntryPoint\",\"urlTemplate\":\"https:\/\/www.padreeustaquio.com.br\/?s={search_term_string}\"},\"query-input\":{\"@type\":\"PropertyValueSpecification\",\"valueRequired\":true,\"valueName\":\"search_term_string\"}}],\"inLanguage\":\"en-US\"},{\"@type\":\"Organization\",\"@id\":\"https:\/\/www.padreeustaquio.com.br\/#organization\",\"name\":\"Padre Eust\u00e1quio\",\"url\":\"https:\/\/www.padreeustaquio.com.br\/\",\"logo\":{\"@type\":\"ImageObject\",\"inLanguage\":\"en-US\",\"@id\":\"https:\/\/www.padreeustaquio.com.br\/#\/schema\/logo\/image\/\",\"url\":\"https:\/\/www.padreeustaquio.com.br\/wp-content\/uploads\/2019\/08\/marca.png\",\"contentUrl\":\"https:\/\/www.padreeustaquio.com.br\/wp-content\/uploads\/2019\/08\/marca.png\",\"width\":350,\"height\":400,\"caption\":\"Padre Eust\u00e1quio\"},\"image\":{\"@id\":\"https:\/\/www.padreeustaquio.com.br\/#\/schema\/logo\/image\/\"},\"sameAs\":[\"https:\/\/www.facebook.com\/beatopadreeustaquio\/\",\"https:\/\/x.com\/beatopeustaquio\",\"https:\/\/www.instagram.com\/beatopadreeustaquio\/\",\"https:\/\/www.youtube.com\/channel\/UCRhw7vfabnajwLxb1ZXMeIw\"]}]}<\/script>\n<!-- \/ Yoast SEO plugin. -->","yoast_head_json":{"title":"Make your donation and help us maintain the works and broadcasts - Father Eust\u00e1quio","robots":{"index":"index","follow":"follow","max-snippet":"max-snippet:-1","max-image-preview":"max-image-preview:large","max-video-preview":"max-video-preview:-1"},"canonical":"https:\/\/www.padreeustaquio.com.br\/en\/donate\/","og_locale":"en_US","og_type":"article","og_title":"Fa\u00e7a sua doa\u00e7\u00e3o e ajude-nos a manter as obras e as transmiss\u00f5es - Padre Eust\u00e1quio","og_description":"Entre para a grande fam\u00edlia dos \u201cAmigos do Padre Eust\u00e1quio\u201d. Divulgar a vida e a hist\u00f3ria de Padre Eust\u00e1quio para que mais pessoas conhe\u00e7am este exemplo de vida \u00e9 papel fundamental da Vice-Postula\u00e7\u00e3o da Causa de Canoniza\u00e7\u00e3o. Al\u00e9m de investir nesta divulga\u00e7\u00e3o, o Secretariado Nacional tamb\u00e9m \u00e9 respons\u00e1vel pelo processo de canoniza\u00e7\u00e3o junto \u00e0 Santa S\u00e9. Todas estas atividades e as da A\u00e7\u00e3o Social Padre Eust\u00e1quio, que continua as obras iniciadas e idealizadas pelo Beato (como a Creche que leva o nome do Bem-Aventurado e atende atualmente a 260 crian\u00e7as) s\u00e3o custeadas por n\u00f3s, por meio da colabora\u00e7\u00e3o e ajuda [&hellip;]","og_url":"https:\/\/www.padreeustaquio.com.br\/en\/donate\/","og_site_name":"Padre Eust\u00e1quio","article_publisher":"https:\/\/www.facebook.com\/beatopadreeustaquio\/","article_modified_time":"2023-02-17T18:55:27+00:00","og_image":[{"url":"https:\/\/atendimentodigital.caixa.gov.br\/voce\/assets\/images\/logo-caixa.png","type":"","width":"","height":""}],"twitter_card":"summary_large_image","twitter_site":"@beatopeustaquio","twitter_misc":{"Est. reading time":"2 minutes"},"schema":{"@context":"https:\/\/schema.org","@graph":[{"@type":"WebPage","@id":"https:\/\/www.padreeustaquio.com.br\/doar\/","url":"https:\/\/www.padreeustaquio.com.br\/doar\/","name":"Make your donation and help us maintain the works and broadcasts - Father Eust\u00e1quio","isPartOf":{"@id":"https:\/\/www.padreeustaquio.com.br\/#website"},"primaryImageOfPage":{"@id":"https:\/\/www.padreeustaquio.com.br\/doar\/#primaryimage"},"image":{"@id":"https:\/\/www.padreeustaquio.com.br\/doar\/#primaryimage"},"thumbnailUrl":"https:\/\/atendimentodigital.caixa.gov.br\/voce\/assets\/images\/logo-caixa.png","datePublished":"2020-07-04T21:04:38+00:00","dateModified":"2023-02-17T18:55:27+00:00","breadcrumb":{"@id":"https:\/\/www.padreeustaquio.com.br\/doar\/#breadcrumb"},"inLanguage":"en-US","potentialAction":[{"@type":"ReadAction","target":["https:\/\/www.padreeustaquio.com.br\/doar\/"]}]},{"@type":"ImageObject","inLanguage":"en-US","@id":"https:\/\/www.padreeustaquio.com.br\/doar\/#primaryimage","url":"https:\/\/atendimentodigital.caixa.gov.br\/voce\/assets\/images\/logo-caixa.png","contentUrl":"https:\/\/atendimentodigital.caixa.gov.br\/voce\/assets\/images\/logo-caixa.png"},{"@type":"BreadcrumbList","@id":"https:\/\/www.padreeustaquio.com.br\/doar\/#breadcrumb","itemListElement":[{"@type":"ListItem","position":1,"name":"In\u00edcio","item":"https:\/\/www.padreeustaquio.com.br\/"},{"@type":"ListItem","position":2,"name":"Fa\u00e7a sua doa\u00e7\u00e3o e ajude-nos a manter as obras e as transmiss\u00f5es"}]},{"@type":"WebSite","@id":"https:\/\/www.padreeustaquio.com.br\/#website","url":"https:\/\/www.padreeustaquio.com.br\/","name":"FATHER EUST\u00c1QUIO","description":"Health and Peace","publisher":{"@id":"https:\/\/www.padreeustaquio.com.br\/#organization"},"potentialAction":[{"@type":"SearchAction","target":{"@type":"EntryPoint","urlTemplate":"https:\/\/www.padreeustaquio.com.br\/?s={search_term_string}"},"query-input":{"@type":"PropertyValueSpecification","valueRequired":true,"valueName":"search_term_string"}}],"inLanguage":"en-US"},{"@type":"Organization","@id":"https:\/\/www.padreeustaquio.com.br\/#organization","name":"FATHER EUST\u00c1QUIO","url":"https:\/\/www.padreeustaquio.com.br\/","logo":{"@type":"ImageObject","inLanguage":"en-US","@id":"https:\/\/www.padreeustaquio.com.br\/#\/schema\/logo\/image\/","url":"https:\/\/www.padreeustaquio.com.br\/wp-content\/uploads\/2019\/08\/marca.png","contentUrl":"https:\/\/www.padreeustaquio.com.br\/wp-content\/uploads\/2019\/08\/marca.png","width":350,"height":400,"caption":"Padre Eust\u00e1quio"},"image":{"@id":"https:\/\/www.padreeustaquio.com.br\/#\/schema\/logo\/image\/"},"sameAs":["https:\/\/www.facebook.com\/beatopadreeustaquio\/","https:\/\/x.com\/beatopeustaquio","https:\/\/www.instagram.com\/beatopadreeustaquio\/","https:\/\/www.youtube.com\/channel\/UCRhw7vfabnajwLxb1ZXMeIw"]}]}},"_links":{"self":[{"href":"https:\/\/www.padreeustaquio.com.br\/en\/wp-json\/wp\/v2\/pages\/4412","targetHints":{"allow":["GET"]}}],"collection":[{"href":"https:\/\/www.padreeustaquio.com.br\/en\/wp-json\/wp\/v2\/pages"}],"about":[{"href":"https:\/\/www.padreeustaquio.com.br\/en\/wp-json\/wp\/v2\/types\/page"}],"author":[{"embeddable":true,"href":"https:\/\/www.padreeustaquio.com.br\/en\/wp-json\/wp\/v2\/users\/2"}],"replies":[{"embeddable":true,"href":"https:\/\/www.padreeustaquio.com.br\/en\/wp-json\/wp\/v2\/comments?post=4412"}],"version-history":[{"count":0,"href":"https:\/\/www.padreeustaquio.com.br\/en\/wp-json\/wp\/v2\/pages\/4412\/revisions"}],"wp:attachment":[{"href":"https:\/\/www.padreeustaquio.com.br\/en\/wp-json\/wp\/v2\/media?parent=4412"}],"curies":[{"name":"wp","href":"https:\/\/api.w.org\/{rel}","templated":true}]}}