{"id":2702,"date":"2019-08-18T19:51:33","date_gmt":"2019-08-18T22:51:33","guid":{"rendered":"http:\/\/br606.teste.website\/~padre078\/padreeustaquio.com.br\/?page_id=2702"},"modified":"2023-04-01T17:19:29","modified_gmt":"2023-04-01T20:19:29","slug":"who-we-are","status":"publish","type":"page","link":"https:\/\/www.padreeustaquio.com.br\/en\/who-we-are\/","title":{"rendered":"Vice-Postulation of the Cause of Canonization of Father Eust\u00e1quio"},"content":{"rendered":"<p><img fetchpriority=\"high\" decoding=\"async\" class=\"size-medium wp-image-2700 alignleft\" src=\"https:\/\/padreeustaquio.com.br\/wp-content\/uploads\/2019\/08\/marca-263x300.png\" alt=\"\" width=\"263\" height=\"300\" srcset=\"https:\/\/www.padreeustaquio.com.br\/wp-content\/uploads\/2019\/08\/marca-263x300.png 263w, https:\/\/www.padreeustaquio.com.br\/wp-content\/uploads\/2019\/08\/marca.png 350w\" sizes=\"(max-width: 263px) 100vw, 263px\" \/>A Vice-postula\u00e7\u00e3o, que trabalha com o processo de Canoniza\u00e7\u00e3o de Padre Eust\u00e1quio, \u00e9 uma institui\u00e7\u00e3o da igreja Cat\u00f3lica, ligada \u00e0 Postula\u00e7\u00e3o Geral da Causa e \u00e0 Congrega\u00e7\u00e3o da Causa dos Santos, (sediadas em Roma). Temos como miss\u00e3o reunir todo o material envolvendo fatos extraordin\u00e1rios atribu\u00eddos \u00e0 intercess\u00e3o do Beato Padre Eust\u00e1quio van Lieshout.<\/p>\n<p>Al\u00e9m de sermos respons\u00e1veis pelo processo de canoniza\u00e7\u00e3o, tamb\u00e9m temos o dever de divulgar a devo\u00e7\u00e3o ao Beato pelo Brasil e pelo mundo. Este trabalho consiste em apresentar a vida e a hist\u00f3ria deste religioso, difundindo sua venera\u00e7\u00e3o entre o povo de Deus, estimulando tamb\u00e9m que as pessoas pe\u00e7am gra\u00e7as pela intercess\u00e3o dele.<\/p>\n<p>A palavra <em>Postula\u00e7\u00e3o<\/em> \u00e9 muito comum do mundo eclesi\u00e1stico, sendo tamb\u00e9m a raiz da palavra &#8220;postulante&#8221;, ou seja, um pedido para que uma pessoa seja admitida em algo ou algum lugar. Neste processo existem: um Postulador Geral e um Vice-postulador. O vice trabalha junto \u00e0 comunidade onde o Servo de Deus exerceu sua miss\u00e3o, j\u00e1 o Postulador representa a Causa em Roma junto \u00e0 Congrega\u00e7\u00e3o das Causas dos Santos.<\/p>\n<p>Em Belo Horizonte-MG, Brasil, onde est\u00e1 o secretariado da Vice-postula\u00e7\u00e3o, uma equipe trabalha administrando e divulgando a causa por meios eletr\u00f4nicos (sites e redes sociais) e com a venda de artigos religiosos (dentre eles imagens, livros, ora\u00e7\u00f5es e outros objetos de cunho devocional). A comercializa\u00e7\u00e3o deste material e as doa\u00e7\u00f5es recebidas s\u00e3o o que custeiam os gastos relacionados ao processo de canoniza\u00e7\u00e3o.<\/p>\n<p>[accordions]<\/p>\n<p>[accordion title=VICE- POSTULADOR] <img decoding=\"async\" class=\"alignleft size-medium wp-image-2707\" src=\"https:\/\/padreeustaquio.com.br\/wp-content\/uploads\/2019\/08\/PADRE-MARCUS-VINICIUS-MACIEL-300x253.jpg\" alt=\"\" width=\"300\" height=\"253\">Padre Marcus Vin\u00edcius Maciel \u00e9 religioso da Congrega\u00e7\u00e3o dos Sagrados Cora\u00e7\u00f5es, Reitor do Santu\u00e1rio da Sa\u00fade e da Paz e Presidente das Creches &#8220;Padre Eust\u00e1quio&#8221;, em Belo Horizonte-MG, Brasil. Padre Vin\u00edcius, SSCC, nasceu na capital mineira, no dia 24 de outubro de 1961. Tamb\u00e9m em Belo Horizonte concluiu seus estudos iniciais. Graduado em Filosofia pela PUC-Campinas (SP) e em Teologia pela FAJE (MG) e PUC-Santiago (Chile). Entrou para a Congrega\u00e7\u00e3o dos Sagrados Cora\u00e7\u00f5es em 1976. Sua ordena\u00e7\u00e3o sacerdotal foi em 28 de dezembro de 1990. Trabalhou em v\u00e1rias par\u00f3quias no Brasil e foi Superior Provincial (Brasil \u2013 Paraguai) de 2009 a 2015. Foi nomeado Vice-Postulador, pelo Padre Alfred Bell, SSCC em 8 de dezembro de 2008. [\/accordion]<\/p>\n<p>[accordion title=POSTULADOR GERAL]<\/p>\n<p><img decoding=\"async\" class=\"wp-image-4963 alignleft\" src=\"https:\/\/www.padreeustaquio.com.br\/wp-content\/uploads\/2021\/02\/Pe.-Andrzej-Lukawski-188x300.jpeg\" alt=\"\" width=\"155\" height=\"247\" srcset=\"https:\/\/www.padreeustaquio.com.br\/wp-content\/uploads\/2021\/02\/Pe.-Andrzej-Lukawski-188x300.jpeg 188w, https:\/\/www.padreeustaquio.com.br\/wp-content\/uploads\/2021\/02\/Pe.-Andrzej-Lukawski.jpeg 380w\" sizes=\"(max-width: 155px) 100vw, 155px\" \/>Padre Andrzej Lukawski \u00e9 religioso da Congrega\u00e7\u00e3o dos Sagrados Cora\u00e7\u00f5es, Postulador das Causas de Beatifica\u00e7\u00e3o\/Canoniza\u00e7\u00e3o da Congrega\u00e7\u00e3o e Procurador Geral da institui\u00e7\u00e3o.<\/p>\n<p>Padre Andrzej, SSCC, nasceu na Pol\u00f4nia e foi nomeado em 2019 para assumir o cargo, que antes pertencia a David Reid, SSCC.[\/accordion]<\/p>\n<p>[accordion title=LINHA SUCESSORA DOS VICE-POSTULADORES]<\/p>\n<div id=\"attachment_4980\" style=\"width: 214px\" class=\"wp-caption alignleft\"><img loading=\"lazy\" decoding=\"async\" aria-describedby=\"caption-attachment-4980\" class=\"wp-image-4980\" src=\"https:\/\/www.padreeustaquio.com.br\/wp-content\/uploads\/2021\/02\/PADRE-ALFREDO-1-195x300.jpg\" alt=\"\" width=\"204\" height=\"314\"><p id=\"caption-attachment-4980\" class=\"wp-caption-text\">Pe. Alfredo Elfrink &#8211; de 1956 a 1974<\/p><\/div>\n<p>Padre Alfredo Elfrink, nasceu no dia 05 de mar\u00e7o de 1909, em&nbsp;Zwolle, Holanda. Professou na Congrega\u00e7\u00e3o dos Sagrados Cora\u00e7\u00f5es em 25 de setembro 1929 e foi ordenado no dia 29 de julho de 1934, no ano seguinte chegou ao&nbsp;Brasil e foi nomeado vice-postulador da Causa de Beatifica\u00e7\u00e3o\/Canoniza\u00e7\u00e3o de Padre Eust\u00e1quio no dia 05 de fevereiro de 1956. Foi o grande respons\u00e1vel por dar in\u00edcio ao processo, reunindo testemunhos e documentos que, mais tarde fariam o Vaticano abrir o processo oficialmente reconhecendo Padre Eust\u00e1quio como Servo de Deus. Padre Alfredo permaneceu a frente da causa at\u00e9 1974, quando voltou para seu pa\u00eds de origem. Ele morreu no dia 22 de agosto de 1991, em Bavel- Holanda.<\/p>\n<p><img loading=\"lazy\" decoding=\"async\" class=\"wp-image-4966 alignleft\" style=\"font-size: 19.4286px;\" src=\"https:\/\/www.padreeustaquio.com.br\/wp-content\/uploads\/2021\/02\/PADRE-AN\u00cdBAL-195x300.jpg\" alt=\"\" width=\"134\" height=\"206\" srcset=\"https:\/\/www.padreeustaquio.com.br\/wp-content\/uploads\/2021\/02\/PADRE-AN\u00cdBAL-195x300.jpg 195w, https:\/\/www.padreeustaquio.com.br\/wp-content\/uploads\/2021\/02\/PADRE-AN\u00cdBAL.jpg 614w\" sizes=\"(max-width: 134px) 100vw, 134px\" \/><\/p>\n<p>Padre An\u00edbal Lasaf\u00e1<br \/>\nde 1970 a 1986<\/p>\n<p><img loading=\"lazy\" decoding=\"async\" class=\" wp-image-4967 alignleft\" src=\"https:\/\/www.padreeustaquio.com.br\/wp-content\/uploads\/2021\/02\/PADRE-WALTER-195x300.jpg\" alt=\"\" width=\"134\" height=\"206\" srcset=\"https:\/\/www.padreeustaquio.com.br\/wp-content\/uploads\/2021\/02\/PADRE-WALTER-195x300.jpg 195w, https:\/\/www.padreeustaquio.com.br\/wp-content\/uploads\/2021\/02\/PADRE-WALTER.jpg 614w\" sizes=\"(max-width: 134px) 100vw, 134px\" \/><\/p>\n<p>Padre Walter Donatti<br \/>\nde 1986 a 1997<\/p>\n<p><img loading=\"lazy\" decoding=\"async\" class=\" wp-image-4968 alignleft\" src=\"https:\/\/www.padreeustaquio.com.br\/wp-content\/uploads\/2021\/02\/PADRE-L\u00daCIO-195x300.jpg\" alt=\"\" width=\"134\" height=\"205\" srcset=\"https:\/\/www.padreeustaquio.com.br\/wp-content\/uploads\/2021\/02\/PADRE-L\u00daCIO-195x300.jpg 195w, https:\/\/www.padreeustaquio.com.br\/wp-content\/uploads\/2021\/02\/PADRE-L\u00daCIO.jpg 614w\" sizes=\"(max-width: 134px) 100vw, 134px\" \/><\/p>\n<p>Padre L\u00facio Dummont<br \/>\nde 1997 a 2008<\/p>\n<p>[\/accordion]<\/p>\n<p>[accordion title=HIST\u00d3RIA DA CAUSA]<img loading=\"lazy\" decoding=\"async\" class=\"alignleft size-medium wp-image-2709\" src=\"https:\/\/padreeustaquio.com.br\/wp-content\/uploads\/2019\/08\/IN\u00cdCIO-PROCESSO-CANONIZA\u00c7\u00c3O-300x220.jpg\" alt=\"\" width=\"300\" height=\"220\" srcset=\"https:\/\/www.padreeustaquio.com.br\/wp-content\/uploads\/2019\/08\/IN\u00cdCIO-PROCESSO-CANONIZA\u00c7\u00c3O-300x220.jpg 300w, https:\/\/www.padreeustaquio.com.br\/wp-content\/uploads\/2019\/08\/IN\u00cdCIO-PROCESSO-CANONIZA\u00c7\u00c3O-768x564.jpg 768w, https:\/\/www.padreeustaquio.com.br\/wp-content\/uploads\/2019\/08\/IN\u00cdCIO-PROCESSO-CANONIZA\u00c7\u00c3O-1024x752.jpg 1024w\" sizes=\"(max-width: 300px) 100vw, 300px\" \/>A not\u00edcia de gra\u00e7as alcan\u00e7adas por intercess\u00e3o do Servo de Deus, testemunhando verdadeira devo\u00e7\u00e3o popular, levou a Igreja a abrir o processo de Canoniza\u00e7\u00e3o em 1956. A fama de Padre Eust\u00e1quio crescia a cada ano. O processo se arrastou por muito tempo at\u00e9 que no dia 12 de abril de 2003 o Papa S\u00e3o Jo\u00e3o Paulo II reconheceu a heroicidade de suas virtudes e Padre Eust\u00e1quio teve seu nome inscrito na lista dos Vener\u00e1veis Servos de Deus. O pr\u00f3ximo passo foi o reconhecimento do milagre. A surpreendente cura de c\u00e2ncer, por intercess\u00e3o de Padre Eust\u00e1quio em benef\u00edcio do Padre Gon\u00e7alo Bel\u00e9m, ocorrida em 1962, foi comprovada cientificamente. No dia 15 de junho de 2006 aconteceu, ent\u00e3o, a solene Beatifica\u00e7\u00e3o no Mineir\u00e3o. O reconhecimento p\u00fablico de uma vida heroica nas virtudes e no servi\u00e7o. O est\u00e1dio de futebol, em Belo Horizonte-MG, acolheu, na festa de \u201cCorpus Christi\u201d, a multid\u00e3o de fi\u00e9is vindos das par\u00f3quias da capital e de outras cidades, mais de 80 mil pessoas. O Vener\u00e1vel Servo de Deus, Padre Eust\u00e1quio van Lieshout, presb\u00edtero da Congrega\u00e7\u00e3o dos Sagrados Cora\u00e7\u00f5es foi inscrito na lista dos Beatos ou Bem-Aventurados pelo Papa Bento XVI, que concedeu tamb\u00e9m que a cerim\u00f4nia lit\u00fargica fosse celebrada no Brasil.<a href=\"http:\/\/padreeustaquio.com.br\/o-reconhecimento\/\"> (Clique aqui e saiba mais sobre a Beatifica\u00e7\u00e3o)<\/a>. [\/accordion]<\/p>\n<p>[\/accordions]<\/p>\n","protected":false},"excerpt":{"rendered":"<p>A Vice-postula\u00e7\u00e3o, que trabalha com o processo de Canoniza\u00e7\u00e3o de Padre Eust\u00e1quio, \u00e9 uma institui\u00e7\u00e3o da igreja Cat\u00f3lica, ligada \u00e0 Postula\u00e7\u00e3o Geral da Causa e \u00e0 Congrega\u00e7\u00e3o da Causa dos Santos, (sediadas em Roma). Temos como miss\u00e3o reunir todo o material envolvendo fatos extraordin\u00e1rios atribu\u00eddos \u00e0 intercess\u00e3o do Beato Padre Eust\u00e1quio van Lieshout. Al\u00e9m de sermos respons\u00e1veis pelo processo de canoniza\u00e7\u00e3o, tamb\u00e9m temos o dever de divulgar a devo\u00e7\u00e3o ao Beato pelo Brasil e pelo mundo. Este trabalho consiste em apresentar a vida e a hist\u00f3ria deste religioso, difundindo sua venera\u00e7\u00e3o entre o povo de Deus, estimulando tamb\u00e9m que as [&hellip;]<\/p>\n","protected":false},"author":6,"featured_media":7,"parent":0,"menu_order":0,"comment_status":"closed","ping_status":"closed","template":"","meta":{"_acf_changed":false,"footnotes":""},"class_list":["post-2702","page","type-page","status-publish","has-post-thumbnail","hentry"],"acf":[],"yoast_head":"<!-- This site is optimized with the Yoast SEO plugin v27.2 - https:\/\/yoast.com\/product\/yoast-seo-wordpress\/ -->\n<title>VICE-POSTULA\u00c7\u00c3O DA CAUSA DE CANONIZA\u00c7\u00c3O DE PADRE EUST\u00c1QUIO - Padre Eust\u00e1quio<\/title>\n<meta name=\"robots\" content=\"index, follow, max-snippet:-1, max-image-preview:large, max-video-preview:-1\" \/>\n<link rel=\"canonical\" href=\"https:\/\/www.padreeustaquio.com.br\/en\/who-we-are\/\" \/>\n<meta property=\"og:locale\" content=\"en_US\" \/>\n<meta property=\"og:type\" content=\"article\" \/>\n<meta property=\"og:title\" content=\"VICE-POSTULA\u00c7\u00c3O DA CAUSA DE CANONIZA\u00c7\u00c3O DE PADRE EUST\u00c1QUIO - Padre Eust\u00e1quio\" \/>\n<meta property=\"og:description\" content=\"A Vice-postula\u00e7\u00e3o, que trabalha com o processo de Canoniza\u00e7\u00e3o de Padre Eust\u00e1quio, \u00e9 uma institui\u00e7\u00e3o da igreja Cat\u00f3lica, ligada \u00e0 Postula\u00e7\u00e3o Geral da Causa e \u00e0 Congrega\u00e7\u00e3o da Causa dos Santos, (sediadas em Roma). Temos como miss\u00e3o reunir todo o material envolvendo fatos extraordin\u00e1rios atribu\u00eddos \u00e0 intercess\u00e3o do Beato Padre Eust\u00e1quio van Lieshout. Al\u00e9m de sermos respons\u00e1veis pelo processo de canoniza\u00e7\u00e3o, tamb\u00e9m temos o dever de divulgar a devo\u00e7\u00e3o ao Beato pelo Brasil e pelo mundo. Este trabalho consiste em apresentar a vida e a hist\u00f3ria deste religioso, difundindo sua venera\u00e7\u00e3o entre o povo de Deus, estimulando tamb\u00e9m que as [&hellip;]\" \/>\n<meta property=\"og:url\" content=\"https:\/\/www.padreeustaquio.com.br\/en\/who-we-are\/\" \/>\n<meta property=\"og:site_name\" content=\"Padre Eust\u00e1quio\" \/>\n<meta property=\"article:publisher\" content=\"https:\/\/www.facebook.com\/beatopadreeustaquio\/\" \/>\n<meta property=\"article:modified_time\" content=\"2023-04-01T20:19:29+00:00\" \/>\n<meta property=\"og:image\" content=\"https:\/\/www.padreeustaquio.com.br\/wp-content\/uploads\/2019\/07\/ENTRADA-EXTERNA-MEMORIAL.jpg\" \/>\n\t<meta property=\"og:image:width\" content=\"2500\" \/>\n\t<meta property=\"og:image:height\" content=\"1667\" \/>\n\t<meta property=\"og:image:type\" content=\"image\/jpeg\" \/>\n<meta name=\"twitter:card\" content=\"summary_large_image\" \/>\n<meta name=\"twitter:site\" content=\"@beatopeustaquio\" \/>\n<meta name=\"twitter:label1\" content=\"Est. reading time\" \/>\n\t<meta name=\"twitter:data1\" content=\"6 minutes\" \/>\n<script type=\"application\/ld+json\" class=\"yoast-schema-graph\">{\"@context\":\"https:\/\/schema.org\",\"@graph\":[{\"@type\":\"WebPage\",\"@id\":\"https:\/\/www.padreeustaquio.com.br\/quem-somos\/\",\"url\":\"https:\/\/www.padreeustaquio.com.br\/quem-somos\/\",\"name\":\"VICE-POSTULA\u00c7\u00c3O DA CAUSA DE CANONIZA\u00c7\u00c3O DE PADRE EUST\u00c1QUIO - Padre Eust\u00e1quio\",\"isPartOf\":{\"@id\":\"https:\/\/www.padreeustaquio.com.br\/#website\"},\"primaryImageOfPage\":{\"@id\":\"https:\/\/www.padreeustaquio.com.br\/quem-somos\/#primaryimage\"},\"image\":{\"@id\":\"https:\/\/www.padreeustaquio.com.br\/quem-somos\/#primaryimage\"},\"thumbnailUrl\":\"https:\/\/www.padreeustaquio.com.br\/wp-content\/uploads\/2019\/07\/ENTRADA-EXTERNA-MEMORIAL.jpg\",\"datePublished\":\"2019-08-18T22:51:33+00:00\",\"dateModified\":\"2023-04-01T20:19:29+00:00\",\"breadcrumb\":{\"@id\":\"https:\/\/www.padreeustaquio.com.br\/quem-somos\/#breadcrumb\"},\"inLanguage\":\"en-US\",\"potentialAction\":[{\"@type\":\"ReadAction\",\"target\":[\"https:\/\/www.padreeustaquio.com.br\/quem-somos\/\"]}]},{\"@type\":\"ImageObject\",\"inLanguage\":\"en-US\",\"@id\":\"https:\/\/www.padreeustaquio.com.br\/quem-somos\/#primaryimage\",\"url\":\"https:\/\/www.padreeustaquio.com.br\/wp-content\/uploads\/2019\/07\/ENTRADA-EXTERNA-MEMORIAL.jpg\",\"contentUrl\":\"https:\/\/www.padreeustaquio.com.br\/wp-content\/uploads\/2019\/07\/ENTRADA-EXTERNA-MEMORIAL.jpg\",\"width\":2500,\"height\":1667},{\"@type\":\"BreadcrumbList\",\"@id\":\"https:\/\/www.padreeustaquio.com.br\/quem-somos\/#breadcrumb\",\"itemListElement\":[{\"@type\":\"ListItem\",\"position\":1,\"name\":\"In\u00edcio\",\"item\":\"https:\/\/www.padreeustaquio.com.br\/\"},{\"@type\":\"ListItem\",\"position\":2,\"name\":\"VICE-POSTULA\u00c7\u00c3O DA CAUSA DE CANONIZA\u00c7\u00c3O DE PADRE EUST\u00c1QUIO\"}]},{\"@type\":\"WebSite\",\"@id\":\"https:\/\/www.padreeustaquio.com.br\/#website\",\"url\":\"https:\/\/www.padreeustaquio.com.br\/\",\"name\":\"Padre Eust\u00e1quio\",\"description\":\"Sa\u00fade e Paz\",\"publisher\":{\"@id\":\"https:\/\/www.padreeustaquio.com.br\/#organization\"},\"potentialAction\":[{\"@type\":\"SearchAction\",\"target\":{\"@type\":\"EntryPoint\",\"urlTemplate\":\"https:\/\/www.padreeustaquio.com.br\/?s={search_term_string}\"},\"query-input\":{\"@type\":\"PropertyValueSpecification\",\"valueRequired\":true,\"valueName\":\"search_term_string\"}}],\"inLanguage\":\"en-US\"},{\"@type\":\"Organization\",\"@id\":\"https:\/\/www.padreeustaquio.com.br\/#organization\",\"name\":\"Padre Eust\u00e1quio\",\"url\":\"https:\/\/www.padreeustaquio.com.br\/\",\"logo\":{\"@type\":\"ImageObject\",\"inLanguage\":\"en-US\",\"@id\":\"https:\/\/www.padreeustaquio.com.br\/#\/schema\/logo\/image\/\",\"url\":\"https:\/\/www.padreeustaquio.com.br\/wp-content\/uploads\/2019\/08\/marca.png\",\"contentUrl\":\"https:\/\/www.padreeustaquio.com.br\/wp-content\/uploads\/2019\/08\/marca.png\",\"width\":350,\"height\":400,\"caption\":\"Padre Eust\u00e1quio\"},\"image\":{\"@id\":\"https:\/\/www.padreeustaquio.com.br\/#\/schema\/logo\/image\/\"},\"sameAs\":[\"https:\/\/www.facebook.com\/beatopadreeustaquio\/\",\"https:\/\/x.com\/beatopeustaquio\",\"https:\/\/www.instagram.com\/beatopadreeustaquio\/\",\"https:\/\/www.youtube.com\/channel\/UCRhw7vfabnajwLxb1ZXMeIw\"]}]}<\/script>\n<!-- \/ Yoast SEO plugin. -->","yoast_head_json":{"title":"Vice-Postulation of the Cause of Canonization of Father Eust\u00e1quio - Father Eust\u00e1quio","robots":{"index":"index","follow":"follow","max-snippet":"max-snippet:-1","max-image-preview":"max-image-preview:large","max-video-preview":"max-video-preview:-1"},"canonical":"https:\/\/www.padreeustaquio.com.br\/en\/who-we-are\/","og_locale":"en_US","og_type":"article","og_title":"VICE-POSTULA\u00c7\u00c3O DA CAUSA DE CANONIZA\u00c7\u00c3O DE PADRE EUST\u00c1QUIO - Padre Eust\u00e1quio","og_description":"A Vice-postula\u00e7\u00e3o, que trabalha com o processo de Canoniza\u00e7\u00e3o de Padre Eust\u00e1quio, \u00e9 uma institui\u00e7\u00e3o da igreja Cat\u00f3lica, ligada \u00e0 Postula\u00e7\u00e3o Geral da Causa e \u00e0 Congrega\u00e7\u00e3o da Causa dos Santos, (sediadas em Roma). Temos como miss\u00e3o reunir todo o material envolvendo fatos extraordin\u00e1rios atribu\u00eddos \u00e0 intercess\u00e3o do Beato Padre Eust\u00e1quio van Lieshout. Al\u00e9m de sermos respons\u00e1veis pelo processo de canoniza\u00e7\u00e3o, tamb\u00e9m temos o dever de divulgar a devo\u00e7\u00e3o ao Beato pelo Brasil e pelo mundo. Este trabalho consiste em apresentar a vida e a hist\u00f3ria deste religioso, difundindo sua venera\u00e7\u00e3o entre o povo de Deus, estimulando tamb\u00e9m que as [&hellip;]","og_url":"https:\/\/www.padreeustaquio.com.br\/en\/who-we-are\/","og_site_name":"Padre Eust\u00e1quio","article_publisher":"https:\/\/www.facebook.com\/beatopadreeustaquio\/","article_modified_time":"2023-04-01T20:19:29+00:00","og_image":[{"width":2500,"height":1667,"url":"https:\/\/www.padreeustaquio.com.br\/wp-content\/uploads\/2019\/07\/ENTRADA-EXTERNA-MEMORIAL.jpg","type":"image\/jpeg"}],"twitter_card":"summary_large_image","twitter_site":"@beatopeustaquio","twitter_misc":{"Est. reading time":"6 minutes"},"schema":{"@context":"https:\/\/schema.org","@graph":[{"@type":"WebPage","@id":"https:\/\/www.padreeustaquio.com.br\/quem-somos\/","url":"https:\/\/www.padreeustaquio.com.br\/quem-somos\/","name":"Vice-Postulation of the Cause of Canonization of Father Eust\u00e1quio - Father Eust\u00e1quio","isPartOf":{"@id":"https:\/\/www.padreeustaquio.com.br\/#website"},"primaryImageOfPage":{"@id":"https:\/\/www.padreeustaquio.com.br\/quem-somos\/#primaryimage"},"image":{"@id":"https:\/\/www.padreeustaquio.com.br\/quem-somos\/#primaryimage"},"thumbnailUrl":"https:\/\/www.padreeustaquio.com.br\/wp-content\/uploads\/2019\/07\/ENTRADA-EXTERNA-MEMORIAL.jpg","datePublished":"2019-08-18T22:51:33+00:00","dateModified":"2023-04-01T20:19:29+00:00","breadcrumb":{"@id":"https:\/\/www.padreeustaquio.com.br\/quem-somos\/#breadcrumb"},"inLanguage":"en-US","potentialAction":[{"@type":"ReadAction","target":["https:\/\/www.padreeustaquio.com.br\/quem-somos\/"]}]},{"@type":"ImageObject","inLanguage":"en-US","@id":"https:\/\/www.padreeustaquio.com.br\/quem-somos\/#primaryimage","url":"https:\/\/www.padreeustaquio.com.br\/wp-content\/uploads\/2019\/07\/ENTRADA-EXTERNA-MEMORIAL.jpg","contentUrl":"https:\/\/www.padreeustaquio.com.br\/wp-content\/uploads\/2019\/07\/ENTRADA-EXTERNA-MEMORIAL.jpg","width":2500,"height":1667},{"@type":"BreadcrumbList","@id":"https:\/\/www.padreeustaquio.com.br\/quem-somos\/#breadcrumb","itemListElement":[{"@type":"ListItem","position":1,"name":"In\u00edcio","item":"https:\/\/www.padreeustaquio.com.br\/"},{"@type":"ListItem","position":2,"name":"VICE-POSTULA\u00c7\u00c3O DA CAUSA DE CANONIZA\u00c7\u00c3O DE PADRE EUST\u00c1QUIO"}]},{"@type":"WebSite","@id":"https:\/\/www.padreeustaquio.com.br\/#website","url":"https:\/\/www.padreeustaquio.com.br\/","name":"FATHER EUST\u00c1QUIO","description":"Health and Peace","publisher":{"@id":"https:\/\/www.padreeustaquio.com.br\/#organization"},"potentialAction":[{"@type":"SearchAction","target":{"@type":"EntryPoint","urlTemplate":"https:\/\/www.padreeustaquio.com.br\/?s={search_term_string}"},"query-input":{"@type":"PropertyValueSpecification","valueRequired":true,"valueName":"search_term_string"}}],"inLanguage":"en-US"},{"@type":"Organization","@id":"https:\/\/www.padreeustaquio.com.br\/#organization","name":"FATHER EUST\u00c1QUIO","url":"https:\/\/www.padreeustaquio.com.br\/","logo":{"@type":"ImageObject","inLanguage":"en-US","@id":"https:\/\/www.padreeustaquio.com.br\/#\/schema\/logo\/image\/","url":"https:\/\/www.padreeustaquio.com.br\/wp-content\/uploads\/2019\/08\/marca.png","contentUrl":"https:\/\/www.padreeustaquio.com.br\/wp-content\/uploads\/2019\/08\/marca.png","width":350,"height":400,"caption":"Padre Eust\u00e1quio"},"image":{"@id":"https:\/\/www.padreeustaquio.com.br\/#\/schema\/logo\/image\/"},"sameAs":["https:\/\/www.facebook.com\/beatopadreeustaquio\/","https:\/\/x.com\/beatopeustaquio","https:\/\/www.instagram.com\/beatopadreeustaquio\/","https:\/\/www.youtube.com\/channel\/UCRhw7vfabnajwLxb1ZXMeIw"]}]}},"_links":{"self":[{"href":"https:\/\/www.padreeustaquio.com.br\/en\/wp-json\/wp\/v2\/pages\/2702","targetHints":{"allow":["GET"]}}],"collection":[{"href":"https:\/\/www.padreeustaquio.com.br\/en\/wp-json\/wp\/v2\/pages"}],"about":[{"href":"https:\/\/www.padreeustaquio.com.br\/en\/wp-json\/wp\/v2\/types\/page"}],"author":[{"embeddable":true,"href":"https:\/\/www.padreeustaquio.com.br\/en\/wp-json\/wp\/v2\/users\/6"}],"replies":[{"embeddable":true,"href":"https:\/\/www.padreeustaquio.com.br\/en\/wp-json\/wp\/v2\/comments?post=2702"}],"version-history":[{"count":0,"href":"https:\/\/www.padreeustaquio.com.br\/en\/wp-json\/wp\/v2\/pages\/2702\/revisions"}],"wp:featuredmedia":[{"embeddable":true,"href":"https:\/\/www.padreeustaquio.com.br\/en\/wp-json\/wp\/v2\/media\/7"}],"wp:attachment":[{"href":"https:\/\/www.padreeustaquio.com.br\/en\/wp-json\/wp\/v2\/media?parent=2702"}],"curies":[{"name":"wp","href":"https:\/\/api.w.org\/{rel}","templated":true}]}}